{"id":18250,"date":"2026-03-03T11:04:31","date_gmt":"2026-03-03T11:04:31","guid":{"rendered":"https:\/\/royalblue-hornet-859388.hostingersite.com\/?page_id=18250"},"modified":"2026-04-27T22:34:13","modified_gmt":"2026-04-27T22:34:13","slug":"natan-oliveira","status":"publish","type":"page","link":"https:\/\/alameda.institute\/pt\/natan-oliveira\/","title":{"rendered":"Natan Oliveira"},"content":{"rendered":"<div data-elementor-type=\"wp-page\" data-elementor-id=\"18250\" class=\"elementor elementor-18250\" data-elementor-post-type=\"page\">\n\t\t\t\t<div class=\"elementor-element elementor-element-0e23d4b elementor-hidden-mobile e-flex e-con-boxed e-con e-parent\" data-id=\"0e23d4b\" data-element_type=\"container\" data-e-type=\"container\" data-settings=\"{&quot;jet_parallax_layout_list&quot;:[]}\">\n\t\t\t\t\t<div class=\"e-con-inner\">\n\t\t<div class=\"elementor-element elementor-element-4d86373 e-con-full e-flex e-con e-child\" data-id=\"4d86373\" data-element_type=\"container\" data-e-type=\"container\" data-settings=\"{&quot;jet_parallax_layout_list&quot;:[]}\">\n\t\t<div class=\"elementor-element elementor-element-2e4c06b e-con-full e-flex e-con e-child\" data-id=\"2e4c06b\" data-element_type=\"container\" data-e-type=\"container\" data-settings=\"{&quot;jet_parallax_layout_list&quot;:[]}\">\n\t\t\t\t<\/div>\n\t\t<div class=\"elementor-element elementor-element-8d022d1 e-con-full e-flex e-con e-child\" data-id=\"8d022d1\" data-element_type=\"container\" data-e-type=\"container\" data-settings=\"{&quot;background_background&quot;:&quot;classic&quot;,&quot;jet_parallax_layout_list&quot;:[]}\">\n\t\t<div class=\"elementor-element elementor-element-9d19d8a e-con-full e-flex e-con e-child\" data-id=\"9d19d8a\" data-element_type=\"container\" data-e-type=\"container\" data-settings=\"{&quot;jet_parallax_layout_list&quot;:[]}\">\n\t\t\t\t<div class=\"elementor-element elementor-element-52bbba8 elementor-widget__width-inherit elementor-widget elementor-widget-jet-headline\" data-id=\"52bbba8\" data-element_type=\"widget\" data-e-type=\"widget\" data-widget_type=\"jet-headline.default\">\n\t\t\t\t<div class=\"elementor-widget-container\">\n\t\t\t\t\t<h2 class=\"jet-headline jet-headline--direction-vertical\"><span class=\"jet-headline__part jet-headline__first\"><span class=\"jet-headline__label\">Natan Oliveira<\/span><\/span><\/h2>\t\t\t\t<\/div>\n\t\t\t\t<\/div>\n\t\t\t\t<div class=\"elementor-element elementor-element-fd05599 elementor-widget-divider--view-line elementor-widget elementor-widget-divider\" data-id=\"fd05599\" data-element_type=\"widget\" data-e-type=\"widget\" data-widget_type=\"divider.default\">\n\t\t\t\t<div class=\"elementor-widget-container\">\n\t\t\t\t\t\t\t<div class=\"elementor-divider\">\n\t\t\t<span class=\"elementor-divider-separator\">\n\t\t\t\t\t\t<\/span>\n\t\t<\/div>\n\t\t\t\t\t\t<\/div>\n\t\t\t\t<\/div>\n\t\t\t\t<div class=\"elementor-element elementor-element-b26fee2 elementor-widget elementor-widget-text-editor\" data-id=\"b26fee2\" data-element_type=\"widget\" data-e-type=\"widget\" data-widget_type=\"text-editor.default\">\n\t\t\t\t<div class=\"elementor-widget-container\">\n\t\t\t\t\t\t\t\t\t<p>BOLSISTA DE PESQUISA<\/p>\t\t\t\t\t\t\t\t<\/div>\n\t\t\t\t<\/div>\n\t\t\t\t<div class=\"elementor-element elementor-element-c1d6b81 elementor-widget-mobile__width-initial elementor-widget__width-initial elementor-widget elementor-widget-text-editor\" data-id=\"c1d6b81\" data-element_type=\"widget\" data-e-type=\"widget\" data-widget_type=\"text-editor.default\">\n\t\t\t\t<div class=\"elementor-widget-container\">\n\t\t\t\t\t\t\t\t\t<p><span style=\"font-weight: 400;\">Natan Oliveira \u00e9 mestrando em Filosofia na Universidade de Bras\u00edlia (UnB) e bacharel em F\u00edsica pela Universidade Federal Fluminense (UFF). Como bolsista do Instituto Alameda, est\u00e1 conduzindo um projeto de pesquisa sobre as m\u00faltiplas dimens\u00f5es do conceito de tempo em nossa era, examinando suas implica\u00e7\u00f5es na f\u00edsica, na cr\u00edtica da economia pol\u00edtica e na teoria social cr\u00edtica. <\/span><span style=\"font-weight: 400;\">Esse trabalho resultar\u00e1 em um livro sobre a rela\u00e7\u00e3o entre tempo e soberania no capitalismo contempor\u00e2neo. Seus interesses de pesquisa mais amplos incluem os fundamentos epistemol\u00f3gicos e conceituais da f\u00edsica te\u00f3rica, com foco na interface entre a tradi\u00e7\u00e3o dial\u00e9tica e o pensamento cient\u00edfico, bem como a cr\u00edtica da ci\u00eancia e da tecnologia sob o capitalismo do ponto de vista da teoria social marxista. Ele tem experi\u00eancia em comunica\u00e7\u00e3o cient\u00edfica na <\/span><i><span style=\"font-weight: 400;\">Museu da Vida<\/span><\/i><span style=\"font-weight: 400;\"> (Fiocruz), em educa\u00e7\u00e3o popular, e \u00e9 colaborador do podcast <\/span><i><span style=\"font-weight: 400;\">Ontocast<\/span><\/i><span style=\"font-weight: 400;\">.<\/span><\/p>\t\t\t\t\t\t\t\t<\/div>\n\t\t\t\t<\/div>\n\t\t\t\t<\/div>\n\t\t<div class=\"elementor-element elementor-element-038ae12 e-con-full e-flex e-con e-child\" data-id=\"038ae12\" data-element_type=\"container\" data-e-type=\"container\" data-settings=\"{&quot;background_background&quot;:&quot;classic&quot;,&quot;jet_parallax_layout_list&quot;:[]}\">\n\t\t\t\t<div class=\"elementor-element elementor-element-40ddb70 elementor-widget elementor-widget-image\" data-id=\"40ddb70\" data-element_type=\"widget\" data-e-type=\"widget\" data-widget_type=\"image.default\">\n\t\t\t\t<div class=\"elementor-widget-container\">\n\t\t\t\t\t\t\t\t\t\t\t\t\t\t\t<img decoding=\"async\" data-src=\"https:\/\/royalblue-hornet-859388.hostingersite.com\/wp-content\/uploads\/2026\/01\/foto-natan-perfil-e1769962707585.jpg\" title=\"\" alt=\"\" src=\"data:image\/svg+xml;base64,PHN2ZyB3aWR0aD0iMSIgaGVpZ2h0PSIxIiB4bWxucz0iaHR0cDovL3d3dy53My5vcmcvMjAwMC9zdmciPjwvc3ZnPg==\" class=\"lazyload\" \/>\t\t\t\t\t\t\t\t\t\t\t\t\t\t\t<\/div>\n\t\t\t\t<\/div>\n\t\t\t\t<div class=\"elementor-element elementor-element-808c838 elementor-widget elementor-widget-spacer\" data-id=\"808c838\" data-element_type=\"widget\" data-e-type=\"widget\" data-widget_type=\"spacer.default\">\n\t\t\t\t<div class=\"elementor-widget-container\">\n\t\t\t\t\t\t\t<div class=\"elementor-spacer\">\n\t\t\t<div class=\"elementor-spacer-inner\"><\/div>\n\t\t<\/div>\n\t\t\t\t\t\t<\/div>\n\t\t\t\t<\/div>\n\t\t\t\t<\/div>\n\t\t\t\t<\/div>\n\t\t\t\t<\/div>\n\t\t\t\t\t<\/div>\n\t\t\t\t<\/div>\n\t\t<div class=\"elementor-element elementor-element-9715500 elementor-hidden-desktop elementor-hidden-tablet e-flex e-con-boxed e-con e-parent\" data-id=\"9715500\" data-element_type=\"container\" data-e-type=\"container\" data-settings=\"{&quot;jet_parallax_layout_list&quot;:[]}\">\n\t\t\t\t\t<div class=\"e-con-inner\">\n\t\t<div class=\"elementor-element elementor-element-f97213e e-con-full e-flex e-con e-child\" data-id=\"f97213e\" data-element_type=\"container\" data-e-type=\"container\" data-settings=\"{&quot;jet_parallax_layout_list&quot;:[]}\">\n\t\t<div class=\"elementor-element elementor-element-b3c97f5 e-con-full e-flex e-con e-child\" data-id=\"b3c97f5\" data-element_type=\"container\" data-e-type=\"container\" data-settings=\"{&quot;jet_parallax_layout_list&quot;:[]}\">\n\t\t\t\t<\/div>\n\t\t<div class=\"elementor-element elementor-element-d07fefe e-con-full e-flex e-con e-child\" data-id=\"d07fefe\" data-element_type=\"container\" data-e-type=\"container\" data-settings=\"{&quot;background_background&quot;:&quot;classic&quot;,&quot;jet_parallax_layout_list&quot;:[]}\">\n\t\t<div class=\"elementor-element elementor-element-2c0ab59 e-con-full e-flex e-con e-child\" data-id=\"2c0ab59\" data-element_type=\"container\" data-e-type=\"container\" data-settings=\"{&quot;jet_parallax_layout_list&quot;:[]}\">\n\t\t\t\t<div class=\"elementor-element elementor-element-8a071f2 elementor-widget__width-inherit elementor-widget elementor-widget-jet-headline\" data-id=\"8a071f2\" data-element_type=\"widget\" data-e-type=\"widget\" data-widget_type=\"jet-headline.default\">\n\t\t\t\t<div class=\"elementor-widget-container\">\n\t\t\t\t\t<h2 class=\"jet-headline jet-headline--direction-vertical\"><span class=\"jet-headline__part jet-headline__first\"><span class=\"jet-headline__label\">Natan Oliveira<\/span><\/span><\/h2>\t\t\t\t<\/div>\n\t\t\t\t<\/div>\n\t\t\t\t<div class=\"elementor-element elementor-element-778f09f elementor-widget-divider--view-line elementor-widget elementor-widget-divider\" data-id=\"778f09f\" data-element_type=\"widget\" data-e-type=\"widget\" data-widget_type=\"divider.default\">\n\t\t\t\t<div class=\"elementor-widget-container\">\n\t\t\t\t\t\t\t<div class=\"elementor-divider\">\n\t\t\t<span class=\"elementor-divider-separator\">\n\t\t\t\t\t\t<\/span>\n\t\t<\/div>\n\t\t\t\t\t\t<\/div>\n\t\t\t\t<\/div>\n\t\t\t\t<div class=\"elementor-element elementor-element-0f4edc3 elementor-widget elementor-widget-text-editor\" data-id=\"0f4edc3\" data-element_type=\"widget\" data-e-type=\"widget\" data-widget_type=\"text-editor.default\">\n\t\t\t\t<div class=\"elementor-widget-container\">\n\t\t\t\t\t\t\t\t\t<p>BOLSISTA DE PESQUISA<\/p>\t\t\t\t\t\t\t\t<\/div>\n\t\t\t\t<\/div>\n\t\t\t\t<div class=\"elementor-element elementor-element-8abd866 elementor-widget-mobile__width-initial elementor-widget__width-initial elementor-widget elementor-widget-text-editor\" data-id=\"8abd866\" data-element_type=\"widget\" data-e-type=\"widget\" data-widget_type=\"text-editor.default\">\n\t\t\t\t<div class=\"elementor-widget-container\">\n\t\t\t\t\t\t\t\t\t<p><span style=\"font-weight: 400;\">Natan Oliveira \u00e9 mestrando em Filosofia na Universidade de Bras\u00edlia (UnB) e bacharel em F\u00edsica pela Universidade Federal Fluminense (UFF). Como bolsista do Instituto Alameda, est\u00e1 conduzindo um projeto de pesquisa sobre as m\u00faltiplas dimens\u00f5es do conceito de tempo em nossa era, examinando suas implica\u00e7\u00f5es na f\u00edsica, na cr\u00edtica da economia pol\u00edtica e na teoria social cr\u00edtica. <\/span><span style=\"font-weight: 400;\">Esse trabalho resultar\u00e1 em um livro sobre a rela\u00e7\u00e3o entre tempo e soberania no capitalismo contempor\u00e2neo. Seus interesses de pesquisa mais amplos incluem os fundamentos epistemol\u00f3gicos e conceituais da f\u00edsica te\u00f3rica, com foco na interface entre a tradi\u00e7\u00e3o dial\u00e9tica e o pensamento cient\u00edfico, bem como a cr\u00edtica da ci\u00eancia e da tecnologia sob o capitalismo do ponto de vista da teoria social marxista. Ele tem experi\u00eancia em comunica\u00e7\u00e3o cient\u00edfica na <\/span><i><span style=\"font-weight: 400;\">Museu da Vida<\/span><\/i><span style=\"font-weight: 400;\"> (Fiocruz), em educa\u00e7\u00e3o popular, e \u00e9 colaborador do podcast <\/span><i><span style=\"font-weight: 400;\">Ontocast<\/span><\/i><span style=\"font-weight: 400;\">.<\/span><\/p>\t\t\t\t\t\t\t\t<\/div>\n\t\t\t\t<\/div>\n\t\t\t\t<div class=\"elementor-element elementor-element-320abc5 elementor-widget elementor-widget-image\" data-id=\"320abc5\" data-element_type=\"widget\" data-e-type=\"widget\" data-widget_type=\"image.default\">\n\t\t\t\t<div class=\"elementor-widget-container\">\n\t\t\t\t\t\t\t\t\t\t\t\t\t\t\t<img decoding=\"async\" data-src=\"https:\/\/royalblue-hornet-859388.hostingersite.com\/wp-content\/uploads\/2026\/01\/foto-natan-perfil-e1769962707585.jpg\" title=\"\" alt=\"\" src=\"data:image\/svg+xml;base64,PHN2ZyB3aWR0aD0iMSIgaGVpZ2h0PSIxIiB4bWxucz0iaHR0cDovL3d3dy53My5vcmcvMjAwMC9zdmciPjwvc3ZnPg==\" class=\"lazyload\" \/>\t\t\t\t\t\t\t\t\t\t\t\t\t\t\t<\/div>\n\t\t\t\t<\/div>\n\t\t\t\t<\/div>\n\t\t<div class=\"elementor-element elementor-element-a2e741c e-con-full e-flex e-con e-child\" data-id=\"a2e741c\" data-element_type=\"container\" data-e-type=\"container\" data-settings=\"{&quot;background_background&quot;:&quot;classic&quot;,&quot;jet_parallax_layout_list&quot;:[]}\">\n\t\t\t\t<div class=\"elementor-element elementor-element-2346ef2 elementor-widget elementor-widget-spacer\" data-id=\"2346ef2\" data-element_type=\"widget\" data-e-type=\"widget\" data-widget_type=\"spacer.default\">\n\t\t\t\t<div class=\"elementor-widget-container\">\n\t\t\t\t\t\t\t<div class=\"elementor-spacer\">\n\t\t\t<div class=\"elementor-spacer-inner\"><\/div>\n\t\t<\/div>\n\t\t\t\t\t\t<\/div>\n\t\t\t\t<\/div>\n\t\t\t\t<\/div>\n\t\t\t\t<\/div>\n\t\t\t\t<\/div>\n\t\t\t\t\t<\/div>\n\t\t\t\t<\/div>\n\t\t<div class=\"elementor-element elementor-element-0de8a5e e-flex e-con-boxed e-con e-parent\" data-id=\"0de8a5e\" data-element_type=\"container\" data-e-type=\"container\" data-settings=\"{&quot;jet_parallax_layout_list&quot;:[]}\">\n\t\t\t\t\t<div class=\"e-con-inner\">\n\t\t\t\t<div class=\"elementor-element elementor-element-e4ee557 elementor-widget elementor-widget-text-editor\" data-id=\"e4ee557\" data-element_type=\"widget\" data-e-type=\"widget\" data-widget_type=\"text-editor.default\">\n\t\t\t\t<div class=\"elementor-widget-container\">\n\t\t\t\t\t\t\t\t\t<p><a href=\"https:\/\/alameda.institute\/people\/\" target=\"_blank\" rel=\"noopener\">Voltar para a p\u00e1gina do People<\/a><\/p>\t\t\t\t\t\t\t\t<\/div>\n\t\t\t\t<\/div>\n\t\t\t\t\t<\/div>\n\t\t\t\t<\/div>\n\t\t\t\t<\/div>","protected":false},"excerpt":{"rendered":"<p>Natan Oliveira RESEARCH FELLOW Natan Oliveira is a Master\u2019s student in Philosophy at the University of Bras\u00edlia (UnB) and holds a Bachelor\u2019s degree in Physics from Fluminense Federal University (UFF). As an Alameda Institute fellow, he is conducting a research project on the multiple dimensions of the concept of time in our era, examining its [&hellip;]<\/p>\n","protected":false},"author":26,"featured_media":0,"parent":0,"menu_order":0,"comment_status":"closed","ping_status":"closed","template":"","meta":{"footnotes":""},"class_list":["post-18250","page","type-page","status-publish","hentry"],"_links":{"self":[{"href":"https:\/\/alameda.institute\/pt\/wp-json\/wp\/v2\/pages\/18250","targetHints":{"allow":["GET"]}}],"collection":[{"href":"https:\/\/alameda.institute\/pt\/wp-json\/wp\/v2\/pages"}],"about":[{"href":"https:\/\/alameda.institute\/pt\/wp-json\/wp\/v2\/types\/page"}],"author":[{"embeddable":true,"href":"https:\/\/alameda.institute\/pt\/wp-json\/wp\/v2\/users\/26"}],"replies":[{"embeddable":true,"href":"https:\/\/alameda.institute\/pt\/wp-json\/wp\/v2\/comments?post=18250"}],"version-history":[{"count":12,"href":"https:\/\/alameda.institute\/pt\/wp-json\/wp\/v2\/pages\/18250\/revisions"}],"predecessor-version":[{"id":29917,"href":"https:\/\/alameda.institute\/pt\/wp-json\/wp\/v2\/pages\/18250\/revisions\/29917"}],"wp:attachment":[{"href":"https:\/\/alameda.institute\/pt\/wp-json\/wp\/v2\/media?parent=18250"}],"curies":[{"name":"wp","href":"https:\/\/api.w.org\/{rel}","templated":true}]}}