{"id":24996,"date":"2026-01-01T20:05:32","date_gmt":"2026-01-01T20:05:32","guid":{"rendered":"https:\/\/royalblue-hornet-859388.hostingersite.com\/?page_id=17710"},"modified":"2026-04-27T22:23:24","modified_gmt":"2026-04-27T22:23:24","slug":"sabrina-fernandes","status":"publish","type":"page","link":"https:\/\/alameda.institute\/pt\/sabrina-fernandes\/","title":{"rendered":"Sabrina Fernandes"},"content":{"rendered":"<div data-elementor-type=\"wp-page\" data-elementor-id=\"24996\" class=\"elementor elementor-24996\" data-elementor-post-type=\"page\">\n\t\t\t\t<div class=\"elementor-element elementor-element-0e23d4b elementor-hidden-mobile e-flex e-con-boxed e-con e-parent\" data-id=\"0e23d4b\" data-element_type=\"container\" data-e-type=\"container\" data-settings=\"{&quot;jet_parallax_layout_list&quot;:[]}\">\n\t\t\t\t\t<div class=\"e-con-inner\">\n\t\t<div class=\"elementor-element elementor-element-4d86373 e-con-full e-flex e-con e-child\" data-id=\"4d86373\" data-element_type=\"container\" data-e-type=\"container\" data-settings=\"{&quot;jet_parallax_layout_list&quot;:[]}\">\n\t\t<div class=\"elementor-element elementor-element-2e4c06b e-con-full e-flex e-con e-child\" data-id=\"2e4c06b\" data-element_type=\"container\" data-e-type=\"container\" data-settings=\"{&quot;jet_parallax_layout_list&quot;:[]}\">\n\t\t\t\t<\/div>\n\t\t<div class=\"elementor-element elementor-element-8d022d1 e-con-full e-flex e-con e-child\" data-id=\"8d022d1\" data-element_type=\"container\" data-e-type=\"container\" data-settings=\"{&quot;background_background&quot;:&quot;classic&quot;,&quot;jet_parallax_layout_list&quot;:[]}\">\n\t\t<div class=\"elementor-element elementor-element-9d19d8a e-con-full e-flex e-con e-child\" data-id=\"9d19d8a\" data-element_type=\"container\" data-e-type=\"container\" data-settings=\"{&quot;jet_parallax_layout_list&quot;:[]}\">\n\t\t\t\t<div class=\"elementor-element elementor-element-52bbba8 elementor-widget__width-inherit elementor-widget elementor-widget-jet-headline\" data-id=\"52bbba8\" data-element_type=\"widget\" data-e-type=\"widget\" data-widget_type=\"jet-headline.default\">\n\t\t\t\t<div class=\"elementor-widget-container\">\n\t\t\t\t\t<h2 class=\"jet-headline jet-headline--direction-vertical\"><span class=\"jet-headline__part jet-headline__first\"><span class=\"jet-headline__label\">Sabrina Fernandes<\/span><\/span><\/h2>\t\t\t\t<\/div>\n\t\t\t\t<\/div>\n\t\t\t\t<div class=\"elementor-element elementor-element-fd05599 elementor-widget-divider--view-line elementor-widget elementor-widget-divider\" data-id=\"fd05599\" data-element_type=\"widget\" data-e-type=\"widget\" data-widget_type=\"divider.default\">\n\t\t\t\t<div class=\"elementor-widget-container\">\n\t\t\t\t\t\t\t<div class=\"elementor-divider\">\n\t\t\t<span class=\"elementor-divider-separator\">\n\t\t\t\t\t\t<\/span>\n\t\t<\/div>\n\t\t\t\t\t\t<\/div>\n\t\t\t\t<\/div>\n\t\t\t\t<div class=\"elementor-element elementor-element-86e3fba elementor-widget elementor-widget-text-editor\" data-id=\"86e3fba\" data-element_type=\"widget\" data-e-type=\"widget\" data-widget_type=\"text-editor.default\">\n\t\t\t\t<div class=\"elementor-widget-container\">\n\t\t\t\t\t\t\t\t\t<p>BOLSISTA S\u00caNIOR DE LIDERAN\u00c7A<\/p>\t\t\t\t\t\t\t\t<\/div>\n\t\t\t\t<\/div>\n\t\t\t\t<div class=\"elementor-element elementor-element-c1d6b81 elementor-widget-mobile__width-initial elementor-widget__width-initial elementor-widget elementor-widget-text-editor\" data-id=\"c1d6b81\" data-element_type=\"widget\" data-e-type=\"widget\" data-widget_type=\"text-editor.default\">\n\t\t\t\t<div class=\"elementor-widget-container\">\n\t\t\t\t\t\t\t\t\t<p><span style=\"font-weight: 400;\">Sabrina Fernandes \u00e9 soci\u00f3loga e economista pol\u00edtica com doutorado pela Carleton University, Canad\u00e1. Ela pesquisa transi\u00e7\u00f5es e ecologia h\u00e1 mais de uma d\u00e9cada, com especializa\u00e7\u00e3o na Am\u00e9rica Latina. Foi bolsista de p\u00f3s-doutorado da Rosa Luxemburg Stiftung e do CALAS, al\u00e9m de editora da Jacobin e editora-chefe da Jacobin Brasil. Seus livros e artigos abrangem v\u00e1rias \u00e1reas e suas publica\u00e7\u00f5es podem ser encontradas em ingl\u00eas, portugu\u00eas, espanhol e outros idiomas. finalista do pr\u00eamio <\/span><i><span style=\"font-weight: 400;\">Perfil de m\u00eddia social do ano<\/span><\/i><span style=\"font-weight: 400;\"> na categoria Megafone Ativismo Awards.<\/span><\/p>\t\t\t\t\t\t\t\t<\/div>\n\t\t\t\t<\/div>\n\t\t\t\t<div class=\"elementor-element elementor-element-91b4705 elementor-shape-circle e-grid-align-left elementor-widget__width-inherit elementor-grid-0 elementor-widget elementor-widget-social-icons\" data-id=\"91b4705\" data-element_type=\"widget\" data-e-type=\"widget\" data-widget_type=\"social-icons.default\">\n\t\t\t\t<div class=\"elementor-widget-container\">\n\t\t\t\t\t\t\t<div class=\"elementor-social-icons-wrapper elementor-grid\">\n\t\t\t\t\t\t\t<span class=\"elementor-grid-item\">\n\t\t\t\t\t<a class=\"elementor-icon elementor-social-icon elementor-social-icon-linkedin elementor-repeater-item-5ae6430\" href=\"https:\/\/www.linkedin.com\/in\/safernandes\/\" target=\"_blank\">\n\t\t\t\t\t\t<span class=\"elementor-screen-only\">Linkedin<\/span>\n\t\t\t\t\t\t<i aria-hidden=\"true\" class=\"fab fa-linkedin\"><\/i>\t\t\t\t\t<\/a>\n\t\t\t\t<\/span>\n\t\t\t\t\t<\/div>\n\t\t\t\t\t\t<\/div>\n\t\t\t\t<\/div>\n\t\t\t\t<\/div>\n\t\t<div class=\"elementor-element elementor-element-038ae12 e-con-full e-flex e-con e-child\" data-id=\"038ae12\" data-element_type=\"container\" data-e-type=\"container\" data-settings=\"{&quot;background_background&quot;:&quot;classic&quot;,&quot;jet_parallax_layout_list&quot;:[]}\">\n\t\t\t\t<div class=\"elementor-element elementor-element-40ddb70 elementor-widget elementor-widget-image\" data-id=\"40ddb70\" data-element_type=\"widget\" data-e-type=\"widget\" data-widget_type=\"image.default\">\n\t\t\t\t<div class=\"elementor-widget-container\">\n\t\t\t\t\t\t\t\t\t\t\t\t\t\t\t<img fetchpriority=\"high\" decoding=\"async\" width=\"750\" height=\"750\" src=\"https:\/\/alameda.institute\/wp-content\/uploads\/2025\/03\/Sabrina-Fernandes-Alameda-Institute.webp\" class=\"attachment-1536x1536 size-1536x1536 wp-image-9982\" alt=\"\" srcset=\"https:\/\/alameda.institute\/wp-content\/uploads\/2025\/03\/Sabrina-Fernandes-Alameda-Institute.webp 750w, https:\/\/alameda.institute\/wp-content\/uploads\/2025\/03\/Sabrina-Fernandes-Alameda-Institute-300x300.webp 300w, https:\/\/alameda.institute\/wp-content\/uploads\/2025\/03\/Sabrina-Fernandes-Alameda-Institute-150x150.webp 150w, https:\/\/alameda.institute\/wp-content\/uploads\/2025\/03\/Sabrina-Fernandes-Alameda-Institute-12x12.webp 12w, https:\/\/alameda.institute\/wp-content\/uploads\/2025\/03\/Sabrina-Fernandes-Alameda-Institute-230x230.webp 230w, https:\/\/alameda.institute\/wp-content\/uploads\/2025\/03\/Sabrina-Fernandes-Alameda-Institute-400x400.webp 400w, https:\/\/alameda.institute\/wp-content\/uploads\/2025\/03\/Sabrina-Fernandes-Alameda-Institute-600x600.webp 600w, https:\/\/alameda.institute\/wp-content\/uploads\/2025\/03\/Sabrina-Fernandes-Alameda-Institute-640x640.webp 640w\" sizes=\"(max-width: 750px) 100vw, 750px\" \/>\t\t\t\t\t\t\t\t\t\t\t\t\t\t\t<\/div>\n\t\t\t\t<\/div>\n\t\t\t\t<div class=\"elementor-element elementor-element-808c838 elementor-widget elementor-widget-spacer\" data-id=\"808c838\" data-element_type=\"widget\" data-e-type=\"widget\" data-widget_type=\"spacer.default\">\n\t\t\t\t<div class=\"elementor-widget-container\">\n\t\t\t\t\t\t\t<div class=\"elementor-spacer\">\n\t\t\t<div class=\"elementor-spacer-inner\"><\/div>\n\t\t<\/div>\n\t\t\t\t\t\t<\/div>\n\t\t\t\t<\/div>\n\t\t\t\t<\/div>\n\t\t\t\t<\/div>\n\t\t\t\t<\/div>\n\t\t\t\t\t<\/div>\n\t\t\t\t<\/div>\n\t\t<div class=\"elementor-element elementor-element-1978c63 elementor-hidden-desktop elementor-hidden-tablet e-flex e-con-boxed e-con e-parent\" data-id=\"1978c63\" data-element_type=\"container\" data-e-type=\"container\" data-settings=\"{&quot;jet_parallax_layout_list&quot;:[]}\">\n\t\t\t\t\t<div class=\"e-con-inner\">\n\t\t<div class=\"elementor-element elementor-element-687b786 e-con-full e-flex e-con e-child\" data-id=\"687b786\" data-element_type=\"container\" data-e-type=\"container\" data-settings=\"{&quot;jet_parallax_layout_list&quot;:[]}\">\n\t\t<div class=\"elementor-element elementor-element-975bb59 e-con-full e-flex e-con e-child\" data-id=\"975bb59\" data-element_type=\"container\" data-e-type=\"container\" data-settings=\"{&quot;jet_parallax_layout_list&quot;:[]}\">\n\t\t\t\t<\/div>\n\t\t<div class=\"elementor-element elementor-element-d716ecf e-con-full e-flex e-con e-child\" data-id=\"d716ecf\" data-element_type=\"container\" data-e-type=\"container\" data-settings=\"{&quot;background_background&quot;:&quot;classic&quot;,&quot;jet_parallax_layout_list&quot;:[]}\">\n\t\t<div class=\"elementor-element elementor-element-9df8235 e-con-full e-flex e-con e-child\" data-id=\"9df8235\" data-element_type=\"container\" data-e-type=\"container\" data-settings=\"{&quot;jet_parallax_layout_list&quot;:[]}\">\n\t\t\t\t<div class=\"elementor-element elementor-element-498fab0 elementor-widget__width-inherit elementor-widget elementor-widget-jet-headline\" data-id=\"498fab0\" data-element_type=\"widget\" data-e-type=\"widget\" data-widget_type=\"jet-headline.default\">\n\t\t\t\t<div class=\"elementor-widget-container\">\n\t\t\t\t\t<h2 class=\"jet-headline jet-headline--direction-vertical\"><span class=\"jet-headline__part jet-headline__first\"><span class=\"jet-headline__label\">Sabrina Fernandes<\/span><\/span><\/h2>\t\t\t\t<\/div>\n\t\t\t\t<\/div>\n\t\t\t\t<div class=\"elementor-element elementor-element-56e2da5 elementor-widget-divider--view-line elementor-widget elementor-widget-divider\" data-id=\"56e2da5\" data-element_type=\"widget\" data-e-type=\"widget\" data-widget_type=\"divider.default\">\n\t\t\t\t<div class=\"elementor-widget-container\">\n\t\t\t\t\t\t\t<div class=\"elementor-divider\">\n\t\t\t<span class=\"elementor-divider-separator\">\n\t\t\t\t\t\t<\/span>\n\t\t<\/div>\n\t\t\t\t\t\t<\/div>\n\t\t\t\t<\/div>\n\t\t\t\t<div class=\"elementor-element elementor-element-fc11701 elementor-widget elementor-widget-text-editor\" data-id=\"fc11701\" data-element_type=\"widget\" data-e-type=\"widget\" data-widget_type=\"text-editor.default\">\n\t\t\t\t<div class=\"elementor-widget-container\">\n\t\t\t\t\t\t\t\t\t<p>BOLSISTA S\u00caNIOR DE LIDERAN\u00c7A<\/p>\t\t\t\t\t\t\t\t<\/div>\n\t\t\t\t<\/div>\n\t\t\t\t<div class=\"elementor-element elementor-element-eef44d6 elementor-widget-mobile__width-initial elementor-widget__width-initial elementor-widget elementor-widget-text-editor\" data-id=\"eef44d6\" data-element_type=\"widget\" data-e-type=\"widget\" data-widget_type=\"text-editor.default\">\n\t\t\t\t<div class=\"elementor-widget-container\">\n\t\t\t\t\t\t\t\t\t<p><span style=\"font-weight: 400;\">Sabrina Fernandes \u00e9 soci\u00f3loga e economista pol\u00edtica com doutorado pela Carleton University, Canad\u00e1. Ela pesquisa transi\u00e7\u00f5es e ecologia h\u00e1 mais de uma d\u00e9cada, com especializa\u00e7\u00e3o na Am\u00e9rica Latina. Foi bolsista de p\u00f3s-doutorado da Rosa Luxemburg Stiftung e do CALAS, al\u00e9m de editora da Jacobin e editora-chefe da Jacobin Brasil. Seus livros e artigos abrangem v\u00e1rias \u00e1reas e suas publica\u00e7\u00f5es podem ser encontradas em ingl\u00eas, portugu\u00eas, espanhol e outros idiomas. finalista do pr\u00eamio <\/span><i><span style=\"font-weight: 400;\">Perfil de m\u00eddia social do ano<\/span><\/i><span style=\"font-weight: 400;\"> na categoria Megafone Ativismo Awards.<\/span><\/p>\t\t\t\t\t\t\t\t<\/div>\n\t\t\t\t<\/div>\n\t\t\t\t<div class=\"elementor-element elementor-element-41e29dc elementor-widget elementor-widget-image\" data-id=\"41e29dc\" data-element_type=\"widget\" data-e-type=\"widget\" data-widget_type=\"image.default\">\n\t\t\t\t<div class=\"elementor-widget-container\">\n\t\t\t\t\t\t\t\t\t\t\t\t\t\t\t<img fetchpriority=\"high\" decoding=\"async\" width=\"750\" height=\"750\" src=\"https:\/\/alameda.institute\/wp-content\/uploads\/2025\/03\/Sabrina-Fernandes-Alameda-Institute.webp\" class=\"attachment-1536x1536 size-1536x1536 wp-image-9982\" alt=\"\" srcset=\"https:\/\/alameda.institute\/wp-content\/uploads\/2025\/03\/Sabrina-Fernandes-Alameda-Institute.webp 750w, https:\/\/alameda.institute\/wp-content\/uploads\/2025\/03\/Sabrina-Fernandes-Alameda-Institute-300x300.webp 300w, https:\/\/alameda.institute\/wp-content\/uploads\/2025\/03\/Sabrina-Fernandes-Alameda-Institute-150x150.webp 150w, https:\/\/alameda.institute\/wp-content\/uploads\/2025\/03\/Sabrina-Fernandes-Alameda-Institute-12x12.webp 12w, https:\/\/alameda.institute\/wp-content\/uploads\/2025\/03\/Sabrina-Fernandes-Alameda-Institute-230x230.webp 230w, https:\/\/alameda.institute\/wp-content\/uploads\/2025\/03\/Sabrina-Fernandes-Alameda-Institute-400x400.webp 400w, https:\/\/alameda.institute\/wp-content\/uploads\/2025\/03\/Sabrina-Fernandes-Alameda-Institute-600x600.webp 600w, https:\/\/alameda.institute\/wp-content\/uploads\/2025\/03\/Sabrina-Fernandes-Alameda-Institute-640x640.webp 640w\" sizes=\"(max-width: 750px) 100vw, 750px\" \/>\t\t\t\t\t\t\t\t\t\t\t\t\t\t\t<\/div>\n\t\t\t\t<\/div>\n\t\t\t\t<div class=\"elementor-element elementor-element-8b698cc elementor-shape-circle e-grid-align-left elementor-widget__width-inherit e-grid-align-mobile-center elementor-grid-0 elementor-widget elementor-widget-social-icons\" data-id=\"8b698cc\" data-element_type=\"widget\" data-e-type=\"widget\" data-widget_type=\"social-icons.default\">\n\t\t\t\t<div class=\"elementor-widget-container\">\n\t\t\t\t\t\t\t<div class=\"elementor-social-icons-wrapper elementor-grid\">\n\t\t\t\t\t\t\t<span class=\"elementor-grid-item\">\n\t\t\t\t\t<a class=\"elementor-icon elementor-social-icon elementor-social-icon-linkedin elementor-repeater-item-5ae6430\" href=\"https:\/\/www.linkedin.com\/in\/safernandes\/\" target=\"_blank\">\n\t\t\t\t\t\t<span class=\"elementor-screen-only\">Linkedin<\/span>\n\t\t\t\t\t\t<i aria-hidden=\"true\" class=\"fab fa-linkedin\"><\/i>\t\t\t\t\t<\/a>\n\t\t\t\t<\/span>\n\t\t\t\t\t<\/div>\n\t\t\t\t\t\t<\/div>\n\t\t\t\t<\/div>\n\t\t\t\t<\/div>\n\t\t<div class=\"elementor-element elementor-element-2f464b2 e-con-full e-flex e-con e-child\" data-id=\"2f464b2\" data-element_type=\"container\" data-e-type=\"container\" data-settings=\"{&quot;background_background&quot;:&quot;classic&quot;,&quot;jet_parallax_layout_list&quot;:[]}\">\n\t\t\t\t<div class=\"elementor-element elementor-element-2e0444c elementor-widget elementor-widget-spacer\" data-id=\"2e0444c\" data-element_type=\"widget\" data-e-type=\"widget\" data-widget_type=\"spacer.default\">\n\t\t\t\t<div class=\"elementor-widget-container\">\n\t\t\t\t\t\t\t<div class=\"elementor-spacer\">\n\t\t\t<div class=\"elementor-spacer-inner\"><\/div>\n\t\t<\/div>\n\t\t\t\t\t\t<\/div>\n\t\t\t\t<\/div>\n\t\t\t\t<\/div>\n\t\t\t\t<\/div>\n\t\t\t\t<\/div>\n\t\t\t\t\t<\/div>\n\t\t\t\t<\/div>\n\t\t<div class=\"elementor-element elementor-element-d0f1d43 e-flex e-con-boxed e-con e-parent\" data-id=\"d0f1d43\" data-element_type=\"container\" data-e-type=\"container\" data-settings=\"{&quot;jet_parallax_layout_list&quot;:[]}\">\n\t\t\t\t\t<div class=\"e-con-inner\">\n\t\t\t\t<div class=\"elementor-element elementor-element-2e0fcb2 elementor-widget elementor-widget-button\" data-id=\"2e0fcb2\" data-element_type=\"widget\" data-e-type=\"widget\" data-widget_type=\"button.default\">\n\t\t\t\t<div class=\"elementor-widget-container\">\n\t\t\t\t\t\t\t\t\t<div class=\"elementor-button-wrapper\">\n\t\t\t\t\t<a class=\"elementor-button elementor-button-link elementor-size-sm\" href=\"https:\/\/alameda.institute\/media-hub\/\">\n\t\t\t\t\t\t<span class=\"elementor-button-content-wrapper\">\n\t\t\t\t\t\t\t\t\t<span class=\"elementor-button-text\">ARTIGOS<\/span>\n\t\t\t\t\t<\/span>\n\t\t\t\t\t<\/a>\n\t\t\t\t<\/div>\n\t\t\t\t\t\t\t\t<\/div>\n\t\t\t\t<\/div>\n\t\t\t\t\t<\/div>\n\t\t\t\t<\/div>\n\t\t<div class=\"elementor-element elementor-element-3c95b3d e-flex e-con-boxed e-con e-parent\" data-id=\"3c95b3d\" data-element_type=\"container\" data-e-type=\"container\" data-settings=\"{&quot;jet_parallax_layout_list&quot;:[]}\">\n\t\t\t\t\t<div class=\"e-con-inner\">\n\t\t\t\t<div class=\"elementor-element elementor-element-6e8564c elementor-posts--thumbnail-none elementor-grid-3 elementor-grid-tablet-2 elementor-grid-mobile-1 elementor-widget elementor-widget-posts\" data-id=\"6e8564c\" data-element_type=\"widget\" data-e-type=\"widget\" data-settings=\"{&quot;classic_columns&quot;:&quot;3&quot;,&quot;classic_columns_tablet&quot;:&quot;2&quot;,&quot;classic_columns_mobile&quot;:&quot;1&quot;,&quot;classic_row_gap&quot;:{&quot;unit&quot;:&quot;px&quot;,&quot;size&quot;:35,&quot;sizes&quot;:[]},&quot;classic_row_gap_tablet&quot;:{&quot;unit&quot;:&quot;px&quot;,&quot;size&quot;:&quot;&quot;,&quot;sizes&quot;:[]},&quot;classic_row_gap_mobile&quot;:{&quot;unit&quot;:&quot;px&quot;,&quot;size&quot;:&quot;&quot;,&quot;sizes&quot;:[]}}\" data-widget_type=\"posts.classic\">\n\t\t\t\t<div class=\"elementor-widget-container\">\n\t\t\t\t\t\t\t<div class=\"elementor-posts-container elementor-posts elementor-posts--skin-classic elementor-grid\" role=\"list\">\n\t\t\t\t<article class=\"elementor-post elementor-grid-item post-9680 post type-post status-publish format-standard has-post-thumbnail hentry category-type-dossier tag-energy-transition tag-lala-penaranda tag-sabrina-fernandes type-tax-transition\" role=\"listitem\">\n\t\t\t\t<div class=\"elementor-post__text\">\n\t\t\t\t<h3 class=\"elementor-post__title\">\n\t\t\t<a href=\"https:\/\/alameda.institute\/pt\/type-dossier\/trade-unions-for-energy-democracy-and-a-public-pathway-to-energy-sovereignty\/\" >\n\t\t\t\tVI. Sindicatos para a Democracia Energ\u00e9tica e um caminho p\u00fablico para a soberania energ\u00e9tica\t\t\t<\/a>\n\t\t<\/h3>\n\t\t\t\t<div class=\"elementor-post__meta-data\">\n\t\t\t\t\t<span class=\"elementor-post-date\">\n\t\t\t23 de novembro de 2024\t\t<\/span>\n\t\t\t\t<\/div>\n\t\t\t\t<div class=\"elementor-post__excerpt\">\n\t\t\t<p>A energia renov\u00e1vel est\u00e1 sendo implementada em todo o mundo em um contexto de grandes desigualdades. A situa\u00e7\u00e3o atual dos investimentos governamentais e privados amplia as lacunas existentes, favorecendo<\/p>\n\t\t<\/div>\n\t\t\n\t\t<a class=\"elementor-post__read-more\" href=\"https:\/\/alameda.institute\/pt\/type-dossier\/trade-unions-for-energy-democracy-and-a-public-pathway-to-energy-sovereignty\/\" aria-label=\"Leia mais sobre VI. Trade Unions for Energy Democracy and a public pathway to energy sovereignty\" tabindex=\"-1\" >\n\t\t\tLeia mais \u00bb\t\t<\/a>\n\n\t\t\t\t<\/div>\n\t\t\t\t<\/article>\n\t\t\t\t<article class=\"elementor-post elementor-grid-item post-8811 post type-post status-publish format-standard hentry category-type-video tag-climate-and-ecology tag-en tag-sabrina-fernandes alameda-themes-transition-and-ecological-politics projects-just-transitions type-tax-transition\" role=\"listitem\">\n\t\t\t\t<div class=\"elementor-post__text\">\n\t\t\t\t<h3 class=\"elementor-post__title\">\n\t\t\t<a href=\"https:\/\/alameda.institute\/pt\/type-video\/latin-american-alternatives-to-green-colonialism-by-sabrina-fernandes\/\" >\n\t\t\t\tLatin American Alternatives to Green Colonialism (Alternativas latino-americanas ao colonialismo verde), de Sabrina Fernandes\t\t\t<\/a>\n\t\t<\/h3>\n\t\t\t\t<div class=\"elementor-post__meta-data\">\n\t\t\t\t\t<span class=\"elementor-post-date\">\n\t\t\t17 de julho de 2024\t\t<\/span>\n\t\t\t\t<\/div>\n\t\t\t\t<div class=\"elementor-post__excerpt\">\n\t\t\t<p>Em sua palestra na Universidade de Barcelona, intitulada \u201cJust Transition in the Polycrisis: Alternativas latino-americanas ao colonialismo verde\u201d, Sabrina Fernandes fala sobre a transi\u00e7\u00e3o justa na policrise.<\/p>\n\t\t<\/div>\n\t\t\n\t\t<a class=\"elementor-post__read-more\" href=\"https:\/\/alameda.institute\/pt\/type-video\/latin-american-alternatives-to-green-colonialism-by-sabrina-fernandes\/\" aria-label=\"Leia mais sobre Latin American Alternatives to Green Colonialism by Sabrina Fernandes\" tabindex=\"-1\" >\n\t\t\tLeia mais \u00bb\t\t<\/a>\n\n\t\t\t\t<\/div>\n\t\t\t\t<\/article>\n\t\t\t\t<article class=\"elementor-post elementor-grid-item post-5027 post type-post status-publish format-standard has-post-thumbnail hentry category-type-article category-type-dossier tag-en tag-fooddossier24 tag-sabrina-fernandes dynamic-publications-cat-food-dossier-24 type-tax-civil-society type-tax-geopolitics type-tax-polycrisis type-tax-transition\" role=\"listitem\">\n\t\t\t\t<div class=\"elementor-post__text\">\n\t\t\t\t<h3 class=\"elementor-post__title\">\n\t\t\t<a href=\"https:\/\/alameda.institute\/pt\/type-dossier\/food-for-internationalist-thought\/\" >\n\t\t\t\tAlimento para o pensamento internacionalista\t\t\t<\/a>\n\t\t<\/h3>\n\t\t\t\t<div class=\"elementor-post__meta-data\">\n\t\t\t\t\t<span class=\"elementor-post-date\">\n\t\t\t28 de maio de 2024\t\t<\/span>\n\t\t\t\t<\/div>\n\t\t\t\t<div class=\"elementor-post__excerpt\">\n\t\t\t<p>A produ\u00e7\u00e3o e o consumo de alimentos s\u00e3o, por sua pr\u00f3pria natureza, preocupa\u00e7\u00f5es internacionalistas. A estabilidade econ\u00f4mica, as rela\u00e7\u00f5es pol\u00edticas, a reprodu\u00e7\u00e3o social do trabalho e a assist\u00eancia m\u00e9dica n\u00e3o s\u00e3o<\/p>\n\t\t<\/div>\n\t\t\n\t\t<a class=\"elementor-post__read-more\" href=\"https:\/\/alameda.institute\/pt\/type-dossier\/food-for-internationalist-thought\/\" aria-label=\"Leia mais sobre Food for Internationalist Thought\" tabindex=\"-1\" >\n\t\t\tLeia mais \u00bb\t\t<\/a>\n\n\t\t\t\t<\/div>\n\t\t\t\t<\/article>\n\t\t\t\t<article class=\"elementor-post elementor-grid-item post-3311 post type-post status-publish format-standard hentry category-type-video tag-climate tag-en tag-sabrina-fernandes type-tax-de-development type-tax-polycrisis type-tax-transition\" role=\"listitem\">\n\t\t\t\t<div class=\"elementor-post__text\">\n\t\t\t\t<h3 class=\"elementor-post__title\">\n\t\t\t<a href=\"https:\/\/alameda.institute\/pt\/type-video\/transition-and-climate-justice-by-sabrina-fernandes\/\" >\n\t\t\t\tTransi\u00e7\u00e3o e justi\u00e7a clim\u00e1tica, por Sabrina Fernandes\t\t\t<\/a>\n\t\t<\/h3>\n\t\t\t\t<div class=\"elementor-post__meta-data\">\n\t\t\t\t\t<span class=\"elementor-post-date\">\n\t\t\t23 de abril de 2024\t\t<\/span>\n\t\t\t\t<\/div>\n\t\t\t\t<div class=\"elementor-post__excerpt\">\n\t\t\t<p>A fotografia a\u00e9rea de Edward Burtynsky na imagem do v\u00eddeo - que se parece muito com uma pintura - pode gerar confus\u00e3o: precisamos encontrar<\/p>\n\t\t<\/div>\n\t\t\n\t\t<a class=\"elementor-post__read-more\" href=\"https:\/\/alameda.institute\/pt\/type-video\/transition-and-climate-justice-by-sabrina-fernandes\/\" aria-label=\"Leia mais sobre Transition and Climate Justice, by Sabrina Fernandes\" tabindex=\"-1\" >\n\t\t\tLeia mais \u00bb\t\t<\/a>\n\n\t\t\t\t<\/div>\n\t\t\t\t<\/article>\n\t\t\t\t<article class=\"elementor-post elementor-grid-item post-3288 post type-post status-publish format-standard hentry category-type-video tag-brazil tag-junho2013 tag-pt tag-sabrina-fernandes type-tax-geopolitics type-tax-peripherisation type-tax-transition\" role=\"listitem\">\n\t\t\t\t<div class=\"elementor-post__text\">\n\t\t\t\t<h3 class=\"elementor-post__title\">\n\t\t\t<a href=\"https:\/\/alameda.institute\/pt\/type-video\/sabrina-fernandes-chefe-de-pesquisa-do-alameda\/\" >\n\t\t\t\tSabrina Fernandes fala sobre a pesquisa engajada\t\t\t<\/a>\n\t\t<\/h3>\n\t\t\t\t<div class=\"elementor-post__meta-data\">\n\t\t\t\t\t<span class=\"elementor-post-date\">\n\t\t\t10 de junho de 2023\t\t<\/span>\n\t\t\t\t<\/div>\n\t\t\t\t<div class=\"elementor-post__excerpt\">\n\t\t\t<p>Sabrina Fernandes encerra o evento do lan\u00e7amento do instituto no Brasil com uma reflex\u00e3o sobre a import\u00e2ncia da pesquisa conectada com os problemas sociais globais,<\/p>\n\t\t<\/div>\n\t\t\n\t\t<a class=\"elementor-post__read-more\" href=\"https:\/\/alameda.institute\/pt\/type-video\/sabrina-fernandes-chefe-de-pesquisa-do-alameda\/\" aria-label=\"Leia mais sobre Sabrina Fernandes fala sobre a pesquisa engajada\" tabindex=\"-1\" >\n\t\t\tLeia mais \u00bb\t\t<\/a>\n\n\t\t\t\t<\/div>\n\t\t\t\t<\/article>\n\t\t\t\t<article class=\"elementor-post elementor-grid-item post-1789 post type-post status-publish format-standard hentry category-type-dossier tag-dossier tag-en tag-international tag-sabrina-fernandes dynamic-publications-cat-ukraine-dossier type-tax-geopolitics\" role=\"listitem\">\n\t\t\t\t<div class=\"elementor-post__text\">\n\t\t\t\t<h3 class=\"elementor-post__title\">\n\t\t\t<a href=\"https:\/\/alameda.institute\/pt\/type-dossier\/xi-sovereignty-and-the-polycrisis\/\" >\n\t\t\t\tXI \/ Soberania e a policrise\t\t\t<\/a>\n\t\t<\/h3>\n\t\t\t\t<div class=\"elementor-post__meta-data\">\n\t\t\t\t\t<span class=\"elementor-post-date\">\n\t\t\t30 de abril de 2023\t\t<\/span>\n\t\t\t\t<\/div>\n\t\t\t\t<div class=\"elementor-post__excerpt\">\n\t\t\t<p>A soberania \u00e9 geralmente definida em rela\u00e7\u00e3o ao estado-na\u00e7\u00e3o, com aten\u00e7\u00e3o \u00e0s fronteiras e \u00e0 forma\u00e7\u00e3o do estado, ao controle do territ\u00f3rio e dos recursos e \u00e0 autodetermina\u00e7\u00e3o<\/p>\n\t\t<\/div>\n\t\t\n\t\t<a class=\"elementor-post__read-more\" href=\"https:\/\/alameda.institute\/pt\/type-dossier\/xi-sovereignty-and-the-polycrisis\/\" aria-label=\"Leia mais sobre XI \/ Sovereignty and the polycrisis\" tabindex=\"-1\" >\n\t\t\tLeia mais \u00bb\t\t<\/a>\n\n\t\t\t\t<\/div>\n\t\t\t\t<\/article>\n\t\t\t\t<\/div>\n\t\t\n\t\t\t\t\t\t<\/div>\n\t\t\t\t<\/div>\n\t\t\t\t\t<\/div>\n\t\t\t\t<\/div>\n\t\t<div class=\"elementor-element elementor-element-4f039ef e-flex e-con-boxed e-con e-parent\" data-id=\"4f039ef\" data-element_type=\"container\" data-e-type=\"container\" data-settings=\"{&quot;jet_parallax_layout_list&quot;:[]}\">\n\t\t\t\t\t<div class=\"e-con-inner\">\n\t\t\t\t<div class=\"elementor-element elementor-element-bdbc470 elementor-widget elementor-widget-text-editor\" data-id=\"bdbc470\" data-element_type=\"widget\" data-e-type=\"widget\" data-widget_type=\"text-editor.default\">\n\t\t\t\t<div class=\"elementor-widget-container\">\n\t\t\t\t\t\t\t\t\t<p><a href=\"https:\/\/alameda.institute\/people\/\" target=\"_blank\" rel=\"noopener\">Voltar para a p\u00e1gina do People<\/a><\/p>\t\t\t\t\t\t\t\t<\/div>\n\t\t\t\t<\/div>\n\t\t\t\t\t<\/div>\n\t\t\t\t<\/div>\n\t\t\t\t<\/div>","protected":false},"excerpt":{"rendered":"<p>Sabrina Fernandes SENIOR LEADERSHIP FELLOW Sabrina Fernandes is a sociologist and political economist with a PhD from Carleton University, Canada. She has researched transitions and ecology for over a decade, with expertise on Latin America. Formerly a postdoctoral fellow with the Rosa Luxemburg Stiftung and with CALAS, she was also an editor at Jacobin and [&hellip;]<\/p>\n","protected":false},"author":26,"featured_media":0,"parent":0,"menu_order":0,"comment_status":"closed","ping_status":"closed","template":"","meta":{"footnotes":""},"class_list":["post-24996","page","type-page","status-publish","hentry"],"_links":{"self":[{"href":"https:\/\/alameda.institute\/pt\/wp-json\/wp\/v2\/pages\/24996","targetHints":{"allow":["GET"]}}],"collection":[{"href":"https:\/\/alameda.institute\/pt\/wp-json\/wp\/v2\/pages"}],"about":[{"href":"https:\/\/alameda.institute\/pt\/wp-json\/wp\/v2\/types\/page"}],"author":[{"embeddable":true,"href":"https:\/\/alameda.institute\/pt\/wp-json\/wp\/v2\/users\/26"}],"replies":[{"embeddable":true,"href":"https:\/\/alameda.institute\/pt\/wp-json\/wp\/v2\/comments?post=24996"}],"version-history":[{"count":18,"href":"https:\/\/alameda.institute\/pt\/wp-json\/wp\/v2\/pages\/24996\/revisions"}],"predecessor-version":[{"id":29887,"href":"https:\/\/alameda.institute\/pt\/wp-json\/wp\/v2\/pages\/24996\/revisions\/29887"}],"wp:attachment":[{"href":"https:\/\/alameda.institute\/pt\/wp-json\/wp\/v2\/media?parent=24996"}],"curies":[{"name":"wp","href":"https:\/\/api.w.org\/{rel}","templated":true}]}}