{"id":2502,"date":"2023-09-28T11:59:29","date_gmt":"2023-09-28T11:59:29","guid":{"rendered":"https:\/\/alameda.institute\/?page_id=2502"},"modified":"2024-06-05T10:58:16","modified_gmt":"2024-06-05T10:58:16","slug":"publicacoes-mais-recentes","status":"publish","type":"page","link":"https:\/\/alameda.institute\/pt\/publishing\/latest-publications\/","title":{"rendered":"Publica\u00e7\u00f5es mais recentes"},"content":{"rendered":"<div data-elementor-type=\"wp-page\" data-elementor-id=\"2502\" class=\"elementor elementor-2502\" data-elementor-post-type=\"page\">\n\t\t\t\t<div class=\"elementor-element elementor-element-254db56 e-flex e-con-boxed e-con e-parent\" data-id=\"254db56\" data-element_type=\"container\" data-e-type=\"container\" data-settings=\"{&quot;shape_divider_top&quot;:&quot;tilt&quot;,&quot;jet_parallax_layout_list&quot;:[]}\">\n\t\t\t\t\t<div class=\"e-con-inner\">\n\t\t\t\t<div class=\"elementor-shape elementor-shape-top\" aria-hidden=\"true\" data-negative=\"false\">\n\t\t\t<svg xmlns=\"http:\/\/www.w3.org\/2000\/svg\" viewbox=\"0 0 1000 100\" preserveaspectratio=\"none\">\n\t<path class=\"elementor-shape-fill\" d=\"M0,6V0h1000v100L0,6z\"\/>\n<\/svg>\t\t<\/div>\n\t\t<div class=\"elementor-element elementor-element-0b76a9c e-con-full e-flex e-con e-child\" data-id=\"0b76a9c\" data-element_type=\"container\" data-e-type=\"container\" data-settings=\"{&quot;jet_parallax_layout_list&quot;:[]}\">\n\t\t\t\t<div class=\"elementor-element elementor-element-a21f088 elementor-widget elementor-widget-jet-headline\" data-id=\"a21f088\" data-element_type=\"widget\" data-e-type=\"widget\" data-widget_type=\"jet-headline.default\">\n\t\t\t\t<div class=\"elementor-widget-container\">\n\t\t\t\t\t<h2 class=\"jet-headline jet-headline--direction-vertical\"><span class=\"jet-headline__part jet-headline__first\"><span class=\"jet-headline__label\">PUBLICA\u00c7\u00d5ES RECENTES<\/span><\/span><span class=\"jet-headline__part jet-headline__second\"><span class=\"jet-headline__label\">_________________<\/span><\/span><\/h2>\t\t\t\t<\/div>\n\t\t\t\t<\/div>\n\t\t\t\t<\/div>\n\t\t\t\t\t<\/div>\n\t\t\t\t<\/div>\n\t\t<div class=\"elementor-element elementor-element-cbb71b8 e-flex e-con-boxed e-con e-parent\" data-id=\"cbb71b8\" data-element_type=\"container\" data-e-type=\"container\" data-settings=\"{&quot;background_background&quot;:&quot;classic&quot;,&quot;jet_parallax_layout_list&quot;:[]}\">\n\t\t\t\t\t<div class=\"e-con-inner\">\n\t\t\t\t<div class=\"elementor-element elementor-element-386edaa elementor-widget elementor-widget-text-editor\" data-id=\"386edaa\" data-element_type=\"widget\" data-e-type=\"widget\" data-widget_type=\"text-editor.default\">\n\t\t\t\t<div class=\"elementor-widget-container\">\n\t\t\t\t\t\t\t\t\t<p>As publica\u00e7\u00f5es promovidas pela Alameda consistem em materiais organizados pelo instituto para serem publicados em diferentes formatos, canais e ve\u00edculos de m\u00eddia.<\/p>\t\t\t\t\t\t\t\t<\/div>\n\t\t\t\t<\/div>\n\t\t\t\t\t<\/div>\n\t\t\t\t<\/div>\n\t\t<div class=\"elementor-element elementor-element-b898a01 e-flex e-con-boxed e-con e-parent\" data-id=\"b898a01\" data-element_type=\"container\" data-e-type=\"container\" data-settings=\"{&quot;jet_parallax_layout_list&quot;:[]}\">\n\t\t\t\t\t<div class=\"e-con-inner\">\n\t\t<div class=\"elementor-element elementor-element-f3e2193 e-con-full e-flex e-con e-child\" data-id=\"f3e2193\" data-element_type=\"container\" data-e-type=\"container\" data-settings=\"{&quot;jet_parallax_layout_list&quot;:[]}\">\n\t\t\t\t<div class=\"elementor-element elementor-element-2d51025 elementor-widget elementor-widget-jet-headline\" data-id=\"2d51025\" data-element_type=\"widget\" data-e-type=\"widget\" data-widget_type=\"jet-headline.default\">\n\t\t\t\t<div class=\"elementor-widget-container\">\n\t\t\t\t\t<h2 class=\"jet-headline jet-headline--direction-vertical\"><span class=\"jet-headline__part jet-headline__first\"><span class=\"jet-headline__label\">dossi\u00eas<\/span><\/span><span class=\"jet-headline__part jet-headline__second\"><span class=\"jet-headline__label\">______<\/span><\/span><\/h2>\t\t\t\t<\/div>\n\t\t\t\t<\/div>\n\t\t\t\t<div class=\"elementor-element elementor-element-5d84a09 elementor-widget__width-initial elementor-widget elementor-widget-text-editor\" data-id=\"5d84a09\" data-element_type=\"widget\" data-e-type=\"widget\" data-widget_type=\"text-editor.default\">\n\t\t\t\t<div class=\"elementor-widget-container\">\n\t\t\t\t\t\t\t\t\t<p>Como parte de nosso objetivo de publicar material estrat\u00e9gico sobre quest\u00f5es atuais, nossos dossi\u00eas incluem artigos com curadoria de diferentes pesquisadores de nossa rede, que fornecem an\u00e1lises amplas com foco no tema definido pela Alameda.<\/p>\t\t\t\t\t\t\t\t<\/div>\n\t\t\t\t<\/div>\n\t\t\t\t<\/div>\n\t\t<div class=\"elementor-element elementor-element-6f9ff2f e-con-full e-flex e-con e-child\" data-id=\"6f9ff2f\" data-element_type=\"container\" data-e-type=\"container\" data-settings=\"{&quot;jet_parallax_layout_list&quot;:[]}\">\n\t\t\t\t<div class=\"elementor-element elementor-element-e5d1ec3 elementor-widget elementor-widget-image\" data-id=\"e5d1ec3\" data-element_type=\"widget\" data-e-type=\"widget\" data-widget_type=\"image.default\">\n\t\t\t\t<div class=\"elementor-widget-container\">\n\t\t\t\t\t\t\t\t\t\t\t\t\t\t\t\t<a href=\"https:\/\/alameda.institute\/publishing\/dossier-food-sovereignty\/\">\n\t\t\t\t\t\t\t<img decoding=\"async\" width=\"724\" height=\"1024\" data-src=\"https:\/\/alameda.institute\/wp-content\/smush-webp\/2024\/05\/Seeds-of-Sovereignty-Contesting-Politics-Food-Alameda-Institute-724x1024.jpg.webp\" class=\"elementor-animation-shrink attachment-large size-large wp-image-4752 lazyload\" alt=\"dossi\u00ea Seeds of Sovereignty (Sementes de Soberania): Contesting the Politics of Food (Contestando a pol\u00edtica de alimentos)\" data-srcset=\"https:\/\/alameda.institute\/wp-content\/smush-webp\/2024\/05\/Seeds-of-Sovereignty-Contesting-Politics-Food-Alameda-Institute-724x1024.jpg.webp 724w, https:\/\/alameda.institute\/wp-content\/smush-webp\/2024\/05\/Seeds-of-Sovereignty-Contesting-Politics-Food-Alameda-Institute-212x300.jpg.webp 212w, https:\/\/alameda.institute\/wp-content\/smush-webp\/2024\/05\/Seeds-of-Sovereignty-Contesting-Politics-Food-Alameda-Institute-768x1086.jpg.webp 768w, https:\/\/alameda.institute\/wp-content\/smush-webp\/2024\/05\/Seeds-of-Sovereignty-Contesting-Politics-Food-Alameda-Institute-1086x1536.jpg.webp 1086w, https:\/\/alameda.institute\/wp-content\/smush-webp\/2024\/05\/Seeds-of-Sovereignty-Contesting-Politics-Food-Alameda-Institute-1448x2048.jpg.webp 1448w, https:\/\/alameda.institute\/wp-content\/smush-webp\/2024\/05\/Seeds-of-Sovereignty-Contesting-Politics-Food-Alameda-Institute-8x12.jpg.webp 8w, https:\/\/alameda.institute\/wp-content\/smush-webp\/2024\/05\/Seeds-of-Sovereignty-Contesting-Politics-Food-Alameda-Institute-600x849.jpg.webp 600w, https:\/\/alameda.institute\/wp-content\/smush-webp\/2024\/05\/Seeds-of-Sovereignty-Contesting-Politics-Food-Alameda-Institute-scaled.jpg.webp 1810w\" data-sizes=\"auto\" src=\"data:image\/svg+xml;base64,PHN2ZyB3aWR0aD0iMSIgaGVpZ2h0PSIxIiB4bWxucz0iaHR0cDovL3d3dy53My5vcmcvMjAwMC9zdmciPjwvc3ZnPg==\" style=\"--smush-placeholder-width: 724px; --smush-placeholder-aspect-ratio: 724\/1024;\" data-original-sizes=\"(max-width: 724px) 100vw, 724px\" \/>\t\t\t\t\t\t\t\t<\/a>\n\t\t\t\t\t\t\t\t\t\t\t\t\t\t\t<\/div>\n\t\t\t\t<\/div>\n\t\t\t\t<div class=\"elementor-element elementor-element-870897b elementor-align-justify elementor-widget elementor-widget-button\" data-id=\"870897b\" data-element_type=\"widget\" data-e-type=\"widget\" data-widget_type=\"button.default\">\n\t\t\t\t<div class=\"elementor-widget-container\">\n\t\t\t\t\t\t\t\t\t<div class=\"elementor-button-wrapper\">\n\t\t\t\t\t<a class=\"elementor-button elementor-button-link elementor-size-sm\" href=\"https:\/\/alameda.institute\/publishing\/dossier-food-sovereignty\/\">\n\t\t\t\t\t\t<span class=\"elementor-button-content-wrapper\">\n\t\t\t\t\t\t\t\t\t<span class=\"elementor-button-text\">LEIA MAIS<\/span>\n\t\t\t\t\t<\/span>\n\t\t\t\t\t<\/a>\n\t\t\t\t<\/div>\n\t\t\t\t\t\t\t\t<\/div>\n\t\t\t\t<\/div>\n\t\t\t\t<\/div>\n\t\t<div class=\"elementor-element elementor-element-d13fbed e-con-full e-flex e-con e-child\" data-id=\"d13fbed\" data-element_type=\"container\" data-e-type=\"container\" data-settings=\"{&quot;jet_parallax_layout_list&quot;:[]}\">\n\t\t\t\t<div class=\"elementor-element elementor-element-ab3e495 elementor-widget elementor-widget-image\" data-id=\"ab3e495\" data-element_type=\"widget\" data-e-type=\"widget\" data-widget_type=\"image.default\">\n\t\t\t\t<div class=\"elementor-widget-container\">\n\t\t\t\t\t\t\t\t\t\t\t\t\t\t\t\t<a href=\"https:\/\/alameda.institute\/publishing\/dossier-ukraine\/\">\n\t\t\t\t\t\t\t<img decoding=\"async\" width=\"726\" height=\"1024\" data-src=\"https:\/\/alameda.institute\/wp-content\/smush-webp\/2023\/04\/Dossier-Interationalism-war-ulraine-ALAMEDA-726x1024.jpg.webp\" class=\"elementor-animation-shrink attachment-large size-large wp-image-1668 lazyload\" alt=\"dossi\u00ea A guerra na Ucr\u00e2nia e a quest\u00e3o do internacionalismo\" data-srcset=\"https:\/\/alameda.institute\/wp-content\/smush-webp\/2023\/04\/Dossier-Interationalism-war-ulraine-ALAMEDA-726x1024.jpg.webp 726w, https:\/\/alameda.institute\/wp-content\/smush-webp\/2023\/04\/Dossier-Interationalism-war-ulraine-ALAMEDA-213x300.jpg.webp 213w, https:\/\/alameda.institute\/wp-content\/smush-webp\/2023\/04\/Dossier-Interationalism-war-ulraine-ALAMEDA-768x1083.jpg.webp 768w, https:\/\/alameda.institute\/wp-content\/smush-webp\/2023\/04\/Dossier-Interationalism-war-ulraine-ALAMEDA-600x846.jpg.webp 600w, https:\/\/alameda.institute\/wp-content\/smush-webp\/2023\/04\/Dossier-Interationalism-war-ulraine-ALAMEDA.jpg.webp 976w\" data-sizes=\"auto\" src=\"data:image\/svg+xml;base64,PHN2ZyB3aWR0aD0iMSIgaGVpZ2h0PSIxIiB4bWxucz0iaHR0cDovL3d3dy53My5vcmcvMjAwMC9zdmciPjwvc3ZnPg==\" style=\"--smush-placeholder-width: 726px; --smush-placeholder-aspect-ratio: 726\/1024;\" data-original-sizes=\"(max-width: 726px) 100vw, 726px\" \/>\t\t\t\t\t\t\t\t<\/a>\n\t\t\t\t\t\t\t\t\t\t\t\t\t\t\t<\/div>\n\t\t\t\t<\/div>\n\t\t\t\t<div class=\"elementor-element elementor-element-fc936e9 elementor-align-justify elementor-widget elementor-widget-button\" data-id=\"fc936e9\" data-element_type=\"widget\" data-e-type=\"widget\" data-widget_type=\"button.default\">\n\t\t\t\t<div class=\"elementor-widget-container\">\n\t\t\t\t\t\t\t\t\t<div class=\"elementor-button-wrapper\">\n\t\t\t\t\t<a class=\"elementor-button elementor-button-link elementor-size-sm\" href=\"https:\/\/alameda.institute\/publishing\/dossier-ukraine\/\">\n\t\t\t\t\t\t<span class=\"elementor-button-content-wrapper\">\n\t\t\t\t\t\t\t\t\t<span class=\"elementor-button-text\">LEIA MAIS<\/span>\n\t\t\t\t\t<\/span>\n\t\t\t\t\t<\/a>\n\t\t\t\t<\/div>\n\t\t\t\t\t\t\t\t<\/div>\n\t\t\t\t<\/div>\n\t\t\t\t<\/div>\n\t\t<div class=\"elementor-element elementor-element-b3571d7 e-con-full e-flex e-con e-child\" data-id=\"b3571d7\" data-element_type=\"container\" data-e-type=\"container\" data-settings=\"{&quot;jet_parallax_layout_list&quot;:[]}\">\n\t\t\t\t<div class=\"elementor-element elementor-element-baabffd elementor-widget elementor-widget-image\" data-id=\"baabffd\" data-element_type=\"widget\" data-e-type=\"widget\" data-widget_type=\"image.default\">\n\t\t\t\t<div class=\"elementor-widget-container\">\n\t\t\t\t\t\t\t\t\t\t\t\t\t\t\t\t<a href=\"https:\/\/alameda.institute\/publishing\/dossier-june\/\">\n\t\t\t\t\t\t\t<img decoding=\"async\" width=\"816\" height=\"1024\" data-src=\"https:\/\/alameda.institute\/wp-content\/smush-webp\/2023\/07\/Cover-alameda-dossier-junho2013-816x1024.png.webp\" class=\"elementor-animation-shrink attachment-large size-large wp-image-2330 lazyload\" alt=\"dossi\u00ea 10 anos antes de junho de 2013\" data-srcset=\"https:\/\/alameda.institute\/wp-content\/smush-webp\/2023\/07\/Cover-alameda-dossier-junho2013-816x1024.png.webp 816w, https:\/\/alameda.institute\/wp-content\/smush-webp\/2023\/07\/Cover-alameda-dossier-junho2013-239x300.png.webp 239w, https:\/\/alameda.institute\/wp-content\/smush-webp\/2023\/07\/Cover-alameda-dossier-junho2013-768x964.png.webp 768w, https:\/\/alameda.institute\/wp-content\/smush-webp\/2023\/07\/Cover-alameda-dossier-junho2013-10x12.png.webp 10w, https:\/\/alameda.institute\/wp-content\/smush-webp\/2023\/07\/Cover-alameda-dossier-junho2013-600x753.png.webp 600w, https:\/\/alameda.institute\/wp-content\/smush-webp\/2023\/07\/Cover-alameda-dossier-junho2013.png.webp 1128w\" data-sizes=\"auto\" src=\"data:image\/svg+xml;base64,PHN2ZyB3aWR0aD0iMSIgaGVpZ2h0PSIxIiB4bWxucz0iaHR0cDovL3d3dy53My5vcmcvMjAwMC9zdmciPjwvc3ZnPg==\" style=\"--smush-placeholder-width: 816px; --smush-placeholder-aspect-ratio: 816\/1024;\" data-original-sizes=\"(max-width: 816px) 100vw, 816px\" \/>\t\t\t\t\t\t\t\t<\/a>\n\t\t\t\t\t\t\t\t\t\t\t\t\t\t\t<\/div>\n\t\t\t\t<\/div>\n\t\t\t\t<div class=\"elementor-element elementor-element-72ca985 elementor-align-justify elementor-widget elementor-widget-button\" data-id=\"72ca985\" data-element_type=\"widget\" data-e-type=\"widget\" data-widget_type=\"button.default\">\n\t\t\t\t<div class=\"elementor-widget-container\">\n\t\t\t\t\t\t\t\t\t<div class=\"elementor-button-wrapper\">\n\t\t\t\t\t<a class=\"elementor-button elementor-button-link elementor-size-sm\" href=\"https:\/\/alameda.institute\/publishing\/dossier-june\/\">\n\t\t\t\t\t\t<span class=\"elementor-button-content-wrapper\">\n\t\t\t\t\t\t\t\t\t<span class=\"elementor-button-text\">LEIA MAIS<\/span>\n\t\t\t\t\t<\/span>\n\t\t\t\t\t<\/a>\n\t\t\t\t<\/div>\n\t\t\t\t\t\t\t\t<\/div>\n\t\t\t\t<\/div>\n\t\t\t\t<\/div>\n\t\t\t\t\t<\/div>\n\t\t\t\t<\/div>\n\t\t<div class=\"elementor-element elementor-element-16dc68f e-flex e-con-boxed e-con e-parent\" data-id=\"16dc68f\" data-element_type=\"container\" data-e-type=\"container\" data-settings=\"{&quot;background_background&quot;:&quot;classic&quot;,&quot;jet_parallax_layout_list&quot;:[]}\">\n\t\t\t\t\t<div class=\"e-con-inner\">\n\t\t\t\t<div class=\"elementor-element elementor-element-eb67317 elementor-widget elementor-widget-jet-headline\" data-id=\"eb67317\" data-element_type=\"widget\" data-e-type=\"widget\" data-widget_type=\"jet-headline.default\">\n\t\t\t\t<div class=\"elementor-widget-container\">\n\t\t\t\t\t<h2 class=\"jet-headline jet-headline--direction-vertical\"><span class=\"jet-headline__part jet-headline__first\"><span class=\"jet-headline__label\">RELAT\u00d3RIOS<\/span><\/span><span class=\"jet-headline__part jet-headline__second\"><span class=\"jet-headline__label\">______<\/span><\/span><\/h2>\t\t\t\t<\/div>\n\t\t\t\t<\/div>\n\t\t\t\t<div class=\"elementor-element elementor-element-7b8b6d0 elementor-widget elementor-widget-jet-posts\" data-id=\"7b8b6d0\" data-element_type=\"widget\" data-e-type=\"widget\" data-settings=\"{&quot;columns&quot;:3,&quot;slides_to_scroll&quot;:&quot;1&quot;}\" data-widget_type=\"jet-posts.default\">\n\t\t\t\t<div class=\"elementor-widget-container\">\n\t\t\t\t\t<div class=\"elementor-jet-posts jet-elements\"><div class=\"jet-posts col-row\"><div class=\"jet-posts__item\">\n\t<div class=\"jet-posts__inner-box\"><div class=\"post-thumbnail\"><a href=\"https:\/\/alameda.institute\/pt\/type-report\/reclaiming-digital-sovereignty-a-roadmap-to-build-a-digital-stack-for-people-and-the-planet\/\" class=\"post-thumbnail__link\"><img decoding=\"async\" class=\"post-thumbnail__img wp-post-image lazyload\" data-src=\"https:\/\/alameda.institute\/wp-content\/smush-webp\/2025\/03\/thumb-manifesto-EN-scaled.jpg.webp\" alt=\"Recuperando a soberania digital: Um roteiro para construir um ecossistema digital para as pessoas e o planeta\" width=\"2560\" height=\"1339\" src=\"data:image\/svg+xml;base64,PHN2ZyB3aWR0aD0iMSIgaGVpZ2h0PSIxIiB4bWxucz0iaHR0cDovL3d3dy53My5vcmcvMjAwMC9zdmciPjwvc3ZnPg==\" style=\"--smush-placeholder-width: 2560px; --smush-placeholder-aspect-ratio: 2560\/1339;\" data-srcset=\"https:\/\/alameda.institute\/wp-content\/smush-webp\/2025\/03\/thumb-manifesto-EN-scaled.jpg.webp 2560w, https:\/\/alameda.institute\/wp-content\/smush-webp\/2025\/03\/thumb-manifesto-EN-300x157.jpg.webp 300w\" data-sizes=\"auto\" data-original-sizes=\"(max-width: 2560px) 100vw, 2560px\"><\/a><\/div><div class=\"jet-posts__inner-content\"><h4 class=\"entry-title\"><a href=\"https:\/\/alameda.institute\/pt\/type-report\/reclaiming-digital-sovereignty-a-roadmap-to-build-a-digital-stack-for-people-and-the-planet\/\" target=\"\">Recuperando a soberania digital: Um roteiro para construir um ecossistema digital para as pessoas e o planeta<\/a><\/h4><div class=\"jet-more-wrap\"><a href=\"https:\/\/alameda.institute\/pt\/type-report\/reclaiming-digital-sovereignty-a-roadmap-to-build-a-digital-stack-for-people-and-the-planet\/\" class=\"btn btn-primary elementor-button elementor-size-md jet-more\" target=\"\"><span class=\"btn__text\">Leia mais<\/span><\/a><\/div><\/div><\/div>\n<\/div>\n<div class=\"jet-posts__item\">\n\t<div class=\"jet-posts__inner-box\"><div class=\"post-thumbnail\"><a href=\"https:\/\/alameda.institute\/pt\/type-report\/%d1%83%d0%ba%d1%80%d0%b0%d1%97%d0%bd%d0%b0-%d0%b2%d1%96%d0%b9%d0%bd%d0%b0-%d0%b7%d0%bc%d1%96%d0%bd%d0%b0-%d0%ba%d0%bb%d1%96%d0%bc%d0%b0%d1%82%d1%83-%d1%82%d0%b0-%d0%be%d0%b1%d0%bc%d0%b5%d0%b6%d0%b5\/\" class=\"post-thumbnail__link\"><img decoding=\"async\" class=\"post-thumbnail__img wp-post-image lazyload\" data-src=\"https:\/\/alameda.institute\/wp-content\/smush-webp\/2025\/02\/Andrii-Bahinskyi-Nina-Potarska-ukraine-report_thumb.jpg.webp\" alt=\"\u0423\u043a\u0440\u0430\u0457\u043d\u0430: \u0432\u0456\u0439\u043d\u0430, \u0437\u043c\u0456\u043d\u0430 \u043a\u043b\u0456\u043c\u0430\u0442\u0443 \u0442\u0430 \u043e\u0431\u043c\u0435\u0436\u0435\u043d\u043d\u044f \u0433\u0443\u043c\u0430\u043d\u0456\u0442\u0430\u0440\u043d\u043e\u0457 \u0441\u0438\u0441\u0442\u0435\u043c\u0438\" width=\"3150\" height=\"1648\" src=\"data:image\/svg+xml;base64,PHN2ZyB3aWR0aD0iMSIgaGVpZ2h0PSIxIiB4bWxucz0iaHR0cDovL3d3dy53My5vcmcvMjAwMC9zdmciPjwvc3ZnPg==\" style=\"--smush-placeholder-width: 3150px; --smush-placeholder-aspect-ratio: 3150\/1648;\" data-srcset=\"https:\/\/alameda.institute\/wp-content\/smush-webp\/2025\/02\/Andrii-Bahinskyi-Nina-Potarska-ukraine-report_thumb.jpg.webp 3150w, https:\/\/alameda.institute\/wp-content\/smush-webp\/2025\/02\/Andrii-Bahinskyi-Nina-Potarska-ukraine-report_thumb-300x157.jpg.webp 300w, https:\/\/alameda.institute\/wp-content\/smush-webp\/2025\/02\/Andrii-Bahinskyi-Nina-Potarska-ukraine-report_thumb-1024x536.jpg.webp 1024w, https:\/\/alameda.institute\/wp-content\/smush-webp\/2025\/02\/Andrii-Bahinskyi-Nina-Potarska-ukraine-report_thumb-768x402.jpg.webp 768w, https:\/\/alameda.institute\/wp-content\/smush-webp\/2025\/02\/Andrii-Bahinskyi-Nina-Potarska-ukraine-report_thumb-1536x804.jpg.webp 1536w, https:\/\/alameda.institute\/wp-content\/smush-webp\/2025\/02\/Andrii-Bahinskyi-Nina-Potarska-ukraine-report_thumb-2048x1071.jpg.webp 2048w, https:\/\/alameda.institute\/wp-content\/smush-webp\/2025\/02\/Andrii-Bahinskyi-Nina-Potarska-ukraine-report_thumb-18x9.jpg.webp 18w, https:\/\/alameda.institute\/wp-content\/smush-webp\/2025\/02\/Andrii-Bahinskyi-Nina-Potarska-ukraine-report_thumb-600x314.jpg.webp 600w\" data-sizes=\"auto\" data-original-sizes=\"(max-width: 3150px) 100vw, 3150px\"><\/a><\/div><div class=\"jet-posts__inner-content\"><h4 class=\"entry-title\"><a href=\"https:\/\/alameda.institute\/pt\/type-report\/%d1%83%d0%ba%d1%80%d0%b0%d1%97%d0%bd%d0%b0-%d0%b2%d1%96%d0%b9%d0%bd%d0%b0-%d0%b7%d0%bc%d1%96%d0%bd%d0%b0-%d0%ba%d0%bb%d1%96%d0%bc%d0%b0%d1%82%d1%83-%d1%82%d0%b0-%d0%be%d0%b1%d0%bc%d0%b5%d0%b6%d0%b5\/\" target=\"\">\u0423\u043a\u0440\u0430\u0457\u043d\u0430: \u0432\u0456\u0439\u043d\u0430, \u0437\u043c\u0456\u043d\u0430 \u043a\u043b\u0456\u043c\u0430\u0442\u0443 \u0442\u0430 \u043e\u0431\u043c\u0435\u0436\u0435\u043d\u043d\u044f \u0433\u0443\u043c\u0430\u043d\u0456\u0442\u0430\u0440\u043d\u043e\u0457 \u0441\u0438\u0441\u0442\u0435\u043c\u0438<\/a><\/h4><div class=\"jet-more-wrap\"><a href=\"https:\/\/alameda.institute\/pt\/type-report\/%d1%83%d0%ba%d1%80%d0%b0%d1%97%d0%bd%d0%b0-%d0%b2%d1%96%d0%b9%d0%bd%d0%b0-%d0%b7%d0%bc%d1%96%d0%bd%d0%b0-%d0%ba%d0%bb%d1%96%d0%bc%d0%b0%d1%82%d1%83-%d1%82%d0%b0-%d0%be%d0%b1%d0%bc%d0%b5%d0%b6%d0%b5\/\" class=\"btn btn-primary elementor-button elementor-size-md jet-more\" target=\"\"><span class=\"btn__text\">Leia mais<\/span><\/a><\/div><\/div><\/div>\n<\/div>\n<div class=\"jet-posts__item\">\n\t<div class=\"jet-posts__inner-box\"><div class=\"post-thumbnail\"><a href=\"https:\/\/alameda.institute\/pt\/type-report\/ukraine-war-climate-change-and-the-limitations-of-the-humanitarian-system\/\" class=\"post-thumbnail__link\"><img decoding=\"async\" class=\"post-thumbnail__img wp-post-image lazyload\" data-src=\"https:\/\/alameda.institute\/wp-content\/smush-webp\/2025\/02\/Andrii-Bahinskyi-Nina-Potarska-ukraine-report_thumb.jpg.webp\" alt=\"Ucr\u00e2nia: guerra, mudan\u00e7a clim\u00e1tica e as limita\u00e7\u00f5es do sistema humanit\u00e1rio\" width=\"3150\" height=\"1648\" src=\"data:image\/svg+xml;base64,PHN2ZyB3aWR0aD0iMSIgaGVpZ2h0PSIxIiB4bWxucz0iaHR0cDovL3d3dy53My5vcmcvMjAwMC9zdmciPjwvc3ZnPg==\" style=\"--smush-placeholder-width: 3150px; --smush-placeholder-aspect-ratio: 3150\/1648;\" data-srcset=\"https:\/\/alameda.institute\/wp-content\/smush-webp\/2025\/02\/Andrii-Bahinskyi-Nina-Potarska-ukraine-report_thumb.jpg.webp 3150w, https:\/\/alameda.institute\/wp-content\/smush-webp\/2025\/02\/Andrii-Bahinskyi-Nina-Potarska-ukraine-report_thumb-300x157.jpg.webp 300w, https:\/\/alameda.institute\/wp-content\/smush-webp\/2025\/02\/Andrii-Bahinskyi-Nina-Potarska-ukraine-report_thumb-1024x536.jpg.webp 1024w, https:\/\/alameda.institute\/wp-content\/smush-webp\/2025\/02\/Andrii-Bahinskyi-Nina-Potarska-ukraine-report_thumb-768x402.jpg.webp 768w, https:\/\/alameda.institute\/wp-content\/smush-webp\/2025\/02\/Andrii-Bahinskyi-Nina-Potarska-ukraine-report_thumb-1536x804.jpg.webp 1536w, https:\/\/alameda.institute\/wp-content\/smush-webp\/2025\/02\/Andrii-Bahinskyi-Nina-Potarska-ukraine-report_thumb-2048x1071.jpg.webp 2048w, https:\/\/alameda.institute\/wp-content\/smush-webp\/2025\/02\/Andrii-Bahinskyi-Nina-Potarska-ukraine-report_thumb-18x9.jpg.webp 18w, https:\/\/alameda.institute\/wp-content\/smush-webp\/2025\/02\/Andrii-Bahinskyi-Nina-Potarska-ukraine-report_thumb-600x314.jpg.webp 600w\" data-sizes=\"auto\" data-original-sizes=\"(max-width: 3150px) 100vw, 3150px\"><\/a><\/div><div class=\"jet-posts__inner-content\"><h4 class=\"entry-title\"><a href=\"https:\/\/alameda.institute\/pt\/type-report\/ukraine-war-climate-change-and-the-limitations-of-the-humanitarian-system\/\" target=\"\">Ucr\u00e2nia: guerra, mudan\u00e7a clim\u00e1tica e as limita\u00e7\u00f5es do sistema humanit\u00e1rio<\/a><\/h4><div class=\"jet-more-wrap\"><a href=\"https:\/\/alameda.institute\/pt\/type-report\/ukraine-war-climate-change-and-the-limitations-of-the-humanitarian-system\/\" class=\"btn btn-primary elementor-button elementor-size-md jet-more\" target=\"\"><span class=\"btn__text\">Leia mais<\/span><\/a><\/div><\/div><\/div>\n<\/div>\n<\/div>\n<\/div>\t\t\t\t<\/div>\n\t\t\t\t<\/div>\n\t\t\t\t\t<\/div>\n\t\t\t\t<\/div>\n\t\t<div class=\"elementor-element elementor-element-aafd0e1 e-flex e-con-boxed e-con e-parent\" data-id=\"aafd0e1\" data-element_type=\"container\" data-e-type=\"container\" data-settings=\"{&quot;jet_parallax_layout_list&quot;:[],&quot;background_background&quot;:&quot;classic&quot;}\">\n\t\t\t\t\t<div class=\"e-con-inner\">\n\t\t<div class=\"elementor-element elementor-element-b0e9dfa e-con-full e-flex e-con e-child\" data-id=\"b0e9dfa\" data-element_type=\"container\" data-e-type=\"container\" data-settings=\"{&quot;jet_parallax_layout_list&quot;:[]}\">\n\t\t\t\t<div class=\"elementor-element elementor-element-5608606 elementor-widget elementor-widget-jet-headline\" data-id=\"5608606\" data-element_type=\"widget\" data-e-type=\"widget\" data-widget_type=\"jet-headline.default\">\n\t\t\t\t<div class=\"elementor-widget-container\">\n\t\t\t\t\t<h2 class=\"jet-headline jet-headline--direction-vertical\"><span class=\"jet-headline__part jet-headline__first\"><span class=\"jet-headline__label\">ARTIGOS RECENTES<\/span><\/span><span class=\"jet-headline__part jet-headline__second\"><span class=\"jet-headline__label\">______<\/span><\/span><\/h2>\t\t\t\t<\/div>\n\t\t\t\t<\/div>\n\t\t\t\t<\/div>\n\t\t<div class=\"elementor-element elementor-element-0cb6ae1 e-con-full e-flex e-con e-child\" data-id=\"0cb6ae1\" data-element_type=\"container\" data-e-type=\"container\" data-settings=\"{&quot;jet_parallax_layout_list&quot;:[]}\">\n\t\t\t\t<div class=\"elementor-element elementor-element-b739b8c elementor-widget elementor-widget-jet-posts\" data-id=\"b739b8c\" data-element_type=\"widget\" data-e-type=\"widget\" data-settings=\"{&quot;columns&quot;:3,&quot;slides_to_scroll&quot;:&quot;1&quot;}\" data-widget_type=\"jet-posts.default\">\n\t\t\t\t<div class=\"elementor-widget-container\">\n\t\t\t\t\t<div class=\"elementor-jet-posts jet-elements\"><div class=\"jet-carousel elementor-slick-slider\" data-slider_options=\"{&quot;autoplaySpeed&quot;:5000,&quot;autoplay&quot;:true,&quot;infinite&quot;:true,&quot;pauseOnHover&quot;:false,&quot;speed&quot;:500,&quot;arrows&quot;:true,&quot;dots&quot;:false,&quot;slidesToScroll&quot;:1,&quot;prevArrow&quot;:&quot;.jet-posts__prev-arrow-b739b8c&quot;,&quot;nextArrow&quot;:&quot;.jet-posts__next-arrow-b739b8c&quot;,&quot;rtl&quot;:false}\" dir=\"ltr\"><div class=\"jet-posts col-row  jet-equal-cols\"><div class=\"jet-posts__prev-arrow-b739b8c jet-arrow prev-arrow\"><i aria-hidden=\"true\" class=\"fas fa-angle-left\"><\/i><\/div><div class=\"jet-posts__next-arrow-b739b8c jet-arrow next-arrow\"><i aria-hidden=\"true\" class=\"fas fa-angle-right\"><\/i><\/div><div class=\"jet-posts__item\">\n\t<div class=\"jet-posts__inner-box\"><div class=\"jet-posts__inner-content\"><h4 class=\"entry-title\"><a href=\"https:\/\/alameda.institute\/pt\/type-article\/la-france-insoumise-after-the-local-elections\/\" target=\"\">La France Insoumise ap\u00f3s as elei\u00e7\u00f5es locais<\/a><\/h4><div class=\"entry-excerpt\">A reorienta\u00e7\u00e3o social e institucional autorit\u00e1ria n\u00e3o precisa necessariamente da extrema direita no poder<\/div><div class=\"jet-more-wrap\"><a href=\"https:\/\/alameda.institute\/pt\/type-article\/la-france-insoumise-after-the-local-elections\/\" class=\"btn btn-primary elementor-button elementor-size-md jet-more\" target=\"\"><span class=\"btn__text\">Leia mais<\/span><\/a><\/div><\/div><\/div>\n<\/div>\n<div class=\"jet-posts__item\">\n\t<div class=\"jet-posts__inner-box\"><div class=\"jet-posts__inner-content\"><h4 class=\"entry-title\"><a href=\"https:\/\/alameda.institute\/pt\/type-article\/a-post-order-world\/\" target=\"\">Um mundo p\u00f3s-pedido<\/a><\/h4><div class=\"entry-excerpt\">\u00c0 medida que o poder dos EUA diminui, ele est\u00e1 destruindo as normas e institui\u00e7\u00f5es que antes organizavam sua proje\u00e7\u00e3o internacional de autoridade. Embora os EUA estejam perdendo seu papel de lideran\u00e7a, nenhuma pot\u00eancia o est\u00e1 substituindo como hegemon global. Este artigo, \u2018A Post Order World\u2019 (Um mundo p\u00f3s-ordem), foi publicado na Jacobin. 21 de abril de 2026 ___ Se ainda houvesse alguma d\u00favida sobre nossa...<\/div><div class=\"jet-more-wrap\"><a href=\"https:\/\/alameda.institute\/pt\/type-article\/a-post-order-world\/\" class=\"btn btn-primary elementor-button elementor-size-md jet-more\" target=\"\"><span class=\"btn__text\">Leia mais<\/span><\/a><\/div><\/div><\/div>\n<\/div>\n<div class=\"jet-posts__item\">\n\t<div class=\"jet-posts__inner-box\"><div class=\"jet-posts__inner-content\"><h4 class=\"entry-title\"><a href=\"https:\/\/alameda.institute\/pt\/type-article\/is-big-tech-trying-to-shut-down-democracy\/\" target=\"\">A Big Tech est\u00e1 tentando acabar com a democracia?<\/a><\/h4><div class=\"entry-excerpt\">mar\u00e7o 3, 2026 Este artigo foi publicado originalmente pela Tribune e faz parte do projeto \u2018After Order\u2018 da Alameda ___ As grandes empresas de tecnologia est\u00e3o cada vez mais contornando os sistemas democr\u00e1ticos para construir espa\u00e7os desregulamentados de controle da exist\u00eancia humana. Mas na luta pela \u2018soberania digital\u2019, pa\u00edses como o Brasil est\u00e3o explorando os perigos - e as possibilidades - de revidar. ___ Durante os \u00faltimos...<\/div><div class=\"jet-more-wrap\"><a href=\"https:\/\/alameda.institute\/pt\/type-article\/is-big-tech-trying-to-shut-down-democracy\/\" class=\"btn btn-primary elementor-button elementor-size-md jet-more\" target=\"\"><span class=\"btn__text\">Leia mais<\/span><\/a><\/div><\/div><\/div>\n<\/div>\n<div class=\"jet-posts__item\">\n\t<div class=\"jet-posts__inner-box\"><div class=\"jet-posts__inner-content\"><h4 class=\"entry-title\"><a href=\"https:\/\/alameda.institute\/pt\/type-article\/another-kingpin-falls-nothing-changes\/\" target=\"\">Outro chef\u00e3o cai, nada muda<\/a><\/h4><div class=\"entry-excerpt\">fevereiro 26, 2026 Este artigo foi originalmente publicado por Jacobin ___ A morte de El Mencho, o traficante mais procurado do M\u00e9xico, n\u00e3o diminuir\u00e1 os cart\u00e9is, reduzir\u00e1 a viol\u00eancia ou interromper\u00e1 o fluxo de drogas. ___ Enquanto os Estados Unidos est\u00e3o \u00e0 beira de outra guerra na \u00c1sia Ocidental, apenas alguns meses ap\u00f3s o sequestro do presidente da Venezuela e com...<\/div><div class=\"jet-more-wrap\"><a href=\"https:\/\/alameda.institute\/pt\/type-article\/another-kingpin-falls-nothing-changes\/\" class=\"btn btn-primary elementor-button elementor-size-md jet-more\" target=\"\"><span class=\"btn__text\">Leia mais<\/span><\/a><\/div><\/div><\/div>\n<\/div>\n<div class=\"jet-posts__item\">\n\t<div class=\"jet-posts__inner-box\"><div class=\"jet-posts__inner-content\"><h4 class=\"entry-title\"><a href=\"https:\/\/alameda.institute\/pt\/type-article\/sovereigns-of-brazil\/\" target=\"\">Soberanos do Brasil<\/a><\/h4><div class=\"entry-excerpt\">Quem exerce o poder de decis\u00e3o sobre os rumos do pa\u00eds? ___ Este artigo foi originalmente publicado em portugu\u00eas pela Piau\u00ed. 22 de abril de 2026 ___ Com certeza, a execu\u00e7\u00e3o marcial de Policarpo Quaresma foi apenas a consuma\u00e7\u00e3o dram\u00e1tica de seu triste fim, n\u00e3o seu ato determinante. \u00c0 medida que sua hist\u00f3ria se desenrola, somos informados de que \u2018de todas as coisas tristes para se ver em...<\/div><div class=\"jet-more-wrap\"><a href=\"https:\/\/alameda.institute\/pt\/type-article\/sovereigns-of-brazil\/\" class=\"btn btn-primary elementor-button elementor-size-md jet-more\" target=\"\"><span class=\"btn__text\">Leia mais<\/span><\/a><\/div><\/div><\/div>\n<\/div>\n<div class=\"jet-posts__item\">\n\t<div class=\"jet-posts__inner-box\"><div class=\"jet-posts__inner-content\"><h4 class=\"entry-title\"><a href=\"https:\/\/alameda.institute\/pt\/type-article\/were-now-in-the-sopranos-stage-of-imperialism\/\" target=\"\">Estamos agora no est\u00e1gio Sopranos do imperialismo<\/a><\/h4><div class=\"entry-excerpt\">3 de fevereiro de 2026 Este artigo foi originalmente publicado por Jacobin ___ O ataque \u00e0 Venezuela marca a chegada do est\u00e1gio Sopranos do imperialismo: a transforma\u00e7\u00e3o da hegemonia dos EUA em extors\u00e3o pura e simples. Como na m\u00e1fia, a lealdade pode acabar n\u00e3o comprando nada, e os acordos podem ser quebrados sob a mira de uma arma. No primeiro epis\u00f3dio de Os Sopranos, Tony Soprano confessa a seu novo...<\/div><div class=\"jet-more-wrap\"><a href=\"https:\/\/alameda.institute\/pt\/type-article\/were-now-in-the-sopranos-stage-of-imperialism\/\" class=\"btn btn-primary elementor-button elementor-size-md jet-more\" target=\"\"><span class=\"btn__text\">Leia mais<\/span><\/a><\/div><\/div><\/div>\n<\/div>\n<div class=\"jet-posts__item\">\n\t<div class=\"jet-posts__inner-box\"><div class=\"jet-posts__inner-content\"><h4 class=\"entry-title\"><a href=\"https:\/\/alameda.institute\/pt\/type-article\/does-the-military-digital-complex-control-everything\/\" target=\"\">O \u2018Complexo Militar-Digital\u2019 controla tudo?<\/a><\/h4><div class=\"entry-excerpt\">Este artigo foi publicado originalmente na Tribune. 23 de dezembro de 2025 ___ Considere quatro eventos que capturam vividamente o esp\u00edrito de nossos tempos. No final de agosto de 2025, na cidade portu\u00e1ria de Tianjin, no norte da China, Xi Jinping, Narendra Modi e Vladimir Putin - cercados pelos chefes de Estado de vinte e tr\u00eas outras na\u00e7\u00f5es n\u00e3o ocidentais (entre elas, Ir\u00e3, Paquist\u00e3o e a Rep\u00fablica Centro-Ocidental da China) - reuniram-se para discutir o futuro da China.<\/div><div class=\"jet-more-wrap\"><a href=\"https:\/\/alameda.institute\/pt\/type-article\/does-the-military-digital-complex-control-everything\/\" class=\"btn btn-primary elementor-button elementor-size-md jet-more\" target=\"\"><span class=\"btn__text\">Leia mais<\/span><\/a><\/div><\/div><\/div>\n<\/div>\n<div class=\"jet-posts__item\">\n\t<div class=\"jet-posts__inner-box\"><div class=\"jet-posts__inner-content\"><h4 class=\"entry-title\"><a href=\"https:\/\/alameda.institute\/pt\/type-article\/who-are-the-humanitarians\/\" target=\"\">Quem s\u00e3o os humanit\u00e1rios?<\/a><\/h4><div class=\"entry-excerpt\">Este artigo foi publicado originalmente na Tribuna. dezembro 2, 2025 ___ No in\u00edcio de mar\u00e7o, Israel refor\u00e7ou seu bloqueio a Gaza, impedindo a entrada at\u00e9 mesmo da quantidade limitada de ajuda alimentar distribu\u00edda pela ONU e por ONGs multinacionais durante as semanas anteriores de cessar-fogo. Com essas ag\u00eancias ainda enfrentando severas restri\u00e7\u00f5es, a Gaza Humanitarian Foundation iniciou suas opera\u00e7\u00f5es no final de maio,...<\/div><div class=\"jet-more-wrap\"><a href=\"https:\/\/alameda.institute\/pt\/type-article\/who-are-the-humanitarians\/\" class=\"btn btn-primary elementor-button elementor-size-md jet-more\" target=\"\"><span class=\"btn__text\">Leia mais<\/span><\/a><\/div><\/div><\/div>\n<\/div>\n<div class=\"jet-posts__item\">\n\t<div class=\"jet-posts__inner-box\"><div class=\"jet-posts__inner-content\"><h4 class=\"entry-title\"><a href=\"https:\/\/alameda.institute\/pt\/type-article\/why-digital-sovereignty-matters\/\" target=\"\">Por que a soberania digital \u00e9 importante<\/a><\/h4><div class=\"entry-excerpt\">Este artigo foi originalmente publicado na Tribune Magazine e faz parte do projeto \u2018After Order\u2018 da Alameda 19 de novembro de 2025 ___ Os apag\u00f5es na nuvem da Amazon e da Microsoft paralisaram os servi\u00e7os p\u00fablicos em todo o mundo neste outono - um aviso do que acontece quando a infraestrutura essencial \u00e9 deixada nas m\u00e3os de monop\u00f3lios privados dos EUA. ___ Como voc\u00ea se sente quando tenta verificar seu...<\/div><div class=\"jet-more-wrap\"><a href=\"https:\/\/alameda.institute\/pt\/type-article\/why-digital-sovereignty-matters\/\" class=\"btn btn-primary elementor-button elementor-size-md jet-more\" target=\"\"><span class=\"btn__text\">Leia mais<\/span><\/a><\/div><\/div><\/div>\n<\/div>\n<div class=\"jet-posts__item\">\n\t<div class=\"jet-posts__inner-box\"><div class=\"jet-posts__inner-content\"><h4 class=\"entry-title\"><a href=\"https:\/\/alameda.institute\/pt\/type-article\/a-lawless-trump-administration-runs-amok-in-the-caribbean\/\" target=\"\">Uma administra\u00e7\u00e3o sem lei de Trump se descontrola no Caribe<\/a><\/h4><div class=\"entry-excerpt\">Este artigo foi publicado originalmente no Jacobin e faz parte do projeto Alameda \u2018After Orders\u2019 outubro 30, 2025 ___ \u00c0 medida que as grandes pot\u00eancias abandonam at\u00e9 mesmo a pretens\u00e3o da lei, a guerra n\u00e3o declarada contra a Venezuela exp\u00f5e um mundo governado pela extors\u00e3o, pelo colapso e pela redefini\u00e7\u00e3o da soberania. Em sua nova e \u00e9pica hist\u00f3ria do Hemisf\u00e9rio Ocidental, Am\u00e9rica, Am\u00e9rica, Greg Grandin conta como...<\/div><div class=\"jet-more-wrap\"><a href=\"https:\/\/alameda.institute\/pt\/type-article\/a-lawless-trump-administration-runs-amok-in-the-caribbean\/\" class=\"btn btn-primary elementor-button elementor-size-md jet-more\" target=\"\"><span class=\"btn__text\">Leia mais<\/span><\/a><\/div><\/div><\/div>\n<\/div>\n<div class=\"jet-posts__item\">\n\t<div class=\"jet-posts__inner-box\"><div class=\"jet-posts__inner-content\"><h4 class=\"entry-title\"><a href=\"https:\/\/alameda.institute\/pt\/type-article\/a-post-social-question\/\" target=\"\">Uma quest\u00e3o p\u00f3s-social<\/a><\/h4><div class=\"entry-excerpt\">Este artigo foi originalmente publicado na revista Disasters, A Post Social Question setembro 11, 2025 ___ abstract Debates sobre \u2018os problemas com a ajuda\u2019 n\u00e3o s\u00e3o novidade. No entanto, embora esses debates geralmente tenham se concentrado em quest\u00f5es t\u00e9cnicas, financeiras ou pol\u00edticas, o desafio central para o setor de ajuda atualmente \u00e9 social. Se o empreendimento moderno de ajuda foi uma resposta sist\u00eamica a...<\/div><div class=\"jet-more-wrap\"><a href=\"https:\/\/alameda.institute\/pt\/type-article\/a-post-social-question\/\" class=\"btn btn-primary elementor-button elementor-size-md jet-more\" target=\"\"><span class=\"btn__text\">Leia mais<\/span><\/a><\/div><\/div><\/div>\n<\/div>\n<div class=\"jet-posts__item\">\n\t<div class=\"jet-posts__inner-box\"><div class=\"jet-posts__inner-content\"><h4 class=\"entry-title\"><a href=\"https:\/\/alameda.institute\/pt\/type-article\/the-politics-of-normality-in-wartime-russia-and-ukraine\/\" target=\"\">A pol\u00edtica da normalidade na R\u00fassia e na Ucr\u00e2nia em tempos de guerra<\/a><\/h4><div class=\"entry-excerpt\">maio 20, 2025 Quando a R\u00fassia lan\u00e7ou sua \u2018Opera\u00e7\u00e3o Militar Especial\u2019 em 24 de fevereiro, o mundo se perguntou se a Ucr\u00e2nia poderia sobreviver a uma invas\u00e3o no estilo blitzkrieg de seu vizinho maior e mais poderoso. Ap\u00f3s alguns reveses militares, at\u00e9 mesmo humilha\u00e7\u00f5es, come\u00e7ou a parecer question\u00e1vel se a pr\u00f3pria R\u00fassia conseguiria sobreviver \u00e0 guerra. San\u00e7\u00f5es internacionais sem precedentes levaram pesquisadores e especialistas a prever a iminente...<\/div><div class=\"jet-more-wrap\"><a href=\"https:\/\/alameda.institute\/pt\/type-article\/the-politics-of-normality-in-wartime-russia-and-ukraine\/\" class=\"btn btn-primary elementor-button elementor-size-md jet-more\" target=\"\"><span class=\"btn__text\">Leia mais<\/span><\/a><\/div><\/div><\/div>\n<\/div>\n<\/div>\n<\/div><\/div>\t\t\t\t<\/div>\n\t\t\t\t<\/div>\n\t\t\t\t<div class=\"elementor-element elementor-element-b2c28e9 elementor-align-justify elementor-widget elementor-widget-button\" data-id=\"b2c28e9\" data-element_type=\"widget\" data-e-type=\"widget\" data-widget_type=\"button.default\">\n\t\t\t\t<div class=\"elementor-widget-container\">\n\t\t\t\t\t\t\t\t\t<div class=\"elementor-button-wrapper\">\n\t\t\t\t\t<a class=\"elementor-button elementor-button-link elementor-size-sm\" href=\"https:\/\/alameda.institute\/resources\/\">\n\t\t\t\t\t\t<span class=\"elementor-button-content-wrapper\">\n\t\t\t\t\t\t\t\t\t<span class=\"elementor-button-text\">ACESSE NOSSA BASE DE DADOS DE RECURSOS<\/span>\n\t\t\t\t\t<\/span>\n\t\t\t\t\t<\/a>\n\t\t\t\t<\/div>\n\t\t\t\t\t\t\t\t<\/div>\n\t\t\t\t<\/div>\n\t\t\t\t<\/div>\n\t\t\t\t\t<\/div>\n\t\t\t\t<\/div>\n\t\t<div class=\"elementor-element elementor-element-32ee385 e-flex e-con-boxed e-con e-parent\" data-id=\"32ee385\" data-element_type=\"container\" data-e-type=\"container\" data-settings=\"{&quot;jet_parallax_layout_list&quot;:[]}\">\n\t\t\t\t\t<div class=\"e-con-inner\">\n\t\t\t\t<div class=\"elementor-element elementor-element-3b80963 elementor-widget elementor-widget-jet-headline\" data-id=\"3b80963\" data-element_type=\"widget\" data-e-type=\"widget\" data-widget_type=\"jet-headline.default\">\n\t\t\t\t<div class=\"elementor-widget-container\">\n\t\t\t\t\t<h2 class=\"jet-headline jet-headline--direction-vertical\"><span class=\"jet-headline__part jet-headline__first\"><span class=\"jet-headline__label\">V\u00cdDEOS<\/span><\/span><span class=\"jet-headline__part jet-headline__second\"><span class=\"jet-headline__label\">______<\/span><\/span><\/h2>\t\t\t\t<\/div>\n\t\t\t\t<\/div>\n\t\t\t\t<div class=\"elementor-element elementor-element-dad7734 elementor-widget elementor-widget-jet-blog-video-playlist\" data-id=\"dad7734\" data-element_type=\"widget\" data-e-type=\"widget\" data-widget_type=\"jet-blog-video-playlist.default\">\n\t\t\t\t<div class=\"elementor-widget-container\">\n\t\t\t\t\t<div class=\"elementor-jet-blog-video-playlist jet-blog\"><div class=\"jet-blog-playlist jet-tumbs-vertical jet-tumbs-v-pos-left jet-tumbs-h-pos- jet-scroll-regular\"  data-hide-index='&quot;&quot;' data-hide-duration='&quot;&quot;' data-hide-image='&quot;&quot;'>\n\t<div class=\"jet-blog-playlist__canvas\"><div class=\"jet-blog-playlist__canvas-overlay\"><\/div><\/div>\n\t<div class=\"jet-blog-playlist__items\">\n\t\t\t\t<div class=\"jet-blog-playlist__items-list\">\n\t\t\t<div class=\"jet-blog-playlist__items-list-content\"><div class=\"jet-blog-playlist__item jet-blog-active\"  data-id='a4292fb' data-video_id='gydfVw1u0ZI' data-provider='youtube' data-html='&quot;&lt;iframe width=\\&quot;100%\\&quot; height=\\&quot;450\\&quot; src=\\&quot;https:\\\/\\\/www.youtube.com\\\/embed\\\/gydfVw1u0ZI?feature=oembed&amp;enablejsapi=1\\&quot; frameborder=\\&quot;0\\&quot; allow=\\&quot;accelerometer; autoplay; clipboard-write; encrypted-media; gyroscope; picture-in-picture; web-share\\&quot; referrerpolicy=\\&quot;strict-origin-when-cross-origin\\&quot; allowfullscreen title=\\&quot;Juliano Fiori, Alameda&#039;s Director, introducing the London Launch event.\\&quot;&gt;&lt;\\\/iframe&gt;&quot;' data-height='450' data-video_index='1' data-video_start='0'>\n<div class=\"jet-blog-playlist__item-thumb\">\n\t<img\n\t\tdata-src=\"https:\/\/i.ytimg.com\/vi\/gydfVw1u0ZI\/hqdefault.jpg\"\n\t\talt=\"Juliano Fiori, Diretor da Alameda&amp;#039s, apresentando o evento de lan\u00e7amento em Londres.\"\n\t\ttitle=\"Juliano Fiori, Diretor da Alameda&amp;#039s, apresentando o evento de lan\u00e7amento em Londres.\"\n\t\tclass=\"jet-blog-playlist__item-thumb-img lazyload\" src=\"data:image\/svg+xml;base64,PHN2ZyB3aWR0aD0iMSIgaGVpZ2h0PSIxIiB4bWxucz0iaHR0cDovL3d3dy53My5vcmcvMjAwMC9zdmciPjwvc3ZnPg==\">\n<\/div><div class=\"jet-blog-playlist__item-content\"><div class=\"jet-blog-playlist__item-title\">\n\tJuliano Fiori, Diretor da Alameda&amp;#039s, apresentando o evento de lan\u00e7amento em Londres.<\/div><div class=\"jet-blog-playlist__item-duration\">13:43<\/div><\/div><\/div><div class=\"jet-blog-playlist__item\"  data-id='6e2f958' data-video_id='ZrHY3TKiuu8' data-provider='youtube' data-html='&quot;&lt;iframe width=\\&quot;100%\\&quot; height=\\&quot;450\\&quot; src=\\&quot;https:\\\/\\\/www.youtube.com\\\/embed\\\/ZrHY3TKiuu8?feature=oembed&amp;enablejsapi=1\\&quot; frameborder=\\&quot;0\\&quot; allow=\\&quot;accelerometer; autoplay; clipboard-write; encrypted-media; gyroscope; picture-in-picture; web-share\\&quot; referrerpolicy=\\&quot;strict-origin-when-cross-origin\\&quot; allowfullscreen title=\\&quot;On the terminal crisis of Humanitarianism - Frontline Club\\&quot;&gt;&lt;\\\/iframe&gt;&quot;' data-height='450' data-video_index='2' data-video_start='0'>\n<div class=\"jet-blog-playlist__item-thumb\">\n\t<img\n\t\tdata-src=\"https:\/\/i.ytimg.com\/vi\/ZrHY3TKiuu8\/hqdefault.jpg\"\n\t\talt=\"Sobre a crise terminal do humanitarismo - Frontline Club\"\n\t\ttitle=\"Sobre a crise terminal do humanitarismo - Frontline Club\"\n\t\tclass=\"jet-blog-playlist__item-thumb-img lazyload\" src=\"data:image\/svg+xml;base64,PHN2ZyB3aWR0aD0iMSIgaGVpZ2h0PSIxIiB4bWxucz0iaHR0cDovL3d3dy53My5vcmcvMjAwMC9zdmciPjwvc3ZnPg==\">\n<\/div><div class=\"jet-blog-playlist__item-content\"><div class=\"jet-blog-playlist__item-title\">\n\tSobre a crise terminal do humanitarismo - Frontline Club<\/div><div class=\"jet-blog-playlist__item-duration\">01:14:36<\/div><\/div><\/div><div class=\"jet-blog-playlist__item\"  data-id='16bfbb0' data-video_id='tQmQt_hbrlY' data-provider='youtube' data-html='&quot;&lt;iframe width=\\&quot;100%\\&quot; height=\\&quot;450\\&quot; src=\\&quot;https:\\\/\\\/www.youtube.com\\\/embed\\\/tQmQt_hbrlY?feature=oembed&amp;enablejsapi=1\\&quot; frameborder=\\&quot;0\\&quot; allow=\\&quot;accelerometer; autoplay; clipboard-write; encrypted-media; gyroscope; picture-in-picture; web-share\\&quot; referrerpolicy=\\&quot;strict-origin-when-cross-origin\\&quot; allowfullscreen title=\\&quot;Latin American Alternatives to Green Colonialism by Sabrina Fernandes\\&quot;&gt;&lt;\\\/iframe&gt;&quot;' data-height='450' data-video_index='3' data-video_start='0'>\n<div class=\"jet-blog-playlist__item-thumb\">\n\t<img\n\t\tdata-src=\"https:\/\/i.ytimg.com\/vi\/tQmQt_hbrlY\/hqdefault.jpg\"\n\t\talt=\"Latin American Alternatives to Green Colonialism (Alternativas latino-americanas ao colonialismo verde), de Sabrina Fernandes\"\n\t\ttitle=\"Latin American Alternatives to Green Colonialism (Alternativas latino-americanas ao colonialismo verde), de Sabrina Fernandes\"\n\t\tclass=\"jet-blog-playlist__item-thumb-img lazyload\" src=\"data:image\/svg+xml;base64,PHN2ZyB3aWR0aD0iMSIgaGVpZ2h0PSIxIiB4bWxucz0iaHR0cDovL3d3dy53My5vcmcvMjAwMC9zdmciPjwvc3ZnPg==\">\n<\/div><div class=\"jet-blog-playlist__item-content\"><div class=\"jet-blog-playlist__item-title\">\n\tLatin American Alternatives to Green Colonialism (Alternativas latino-americanas ao colonialismo verde), de Sabrina Fernandes<\/div><div class=\"jet-blog-playlist__item-duration\">47:30<\/div><\/div><\/div><div class=\"jet-blog-playlist__item\"  data-id='5519385' data-video_id='TdsDVocEqzE' data-provider='youtube' data-html='&quot;&lt;iframe width=\\&quot;100%\\&quot; height=\\&quot;450\\&quot; src=\\&quot;https:\\\/\\\/www.youtube.com\\\/embed\\\/TdsDVocEqzE?feature=oembed&amp;enablejsapi=1\\&quot; frameborder=\\&quot;0\\&quot; allow=\\&quot;accelerometer; autoplay; clipboard-write; encrypted-media; gyroscope; picture-in-picture; web-share\\&quot; referrerpolicy=\\&quot;strict-origin-when-cross-origin\\&quot; allowfullscreen title=\\&quot;Lan\\u00e7amento do livro Brasil-catastrofe de Thiago Canettieri\\&quot;&gt;&lt;\\\/iframe&gt;&quot;' data-height='450' data-video_index='4' data-video_start='0'>\n<div class=\"jet-blog-playlist__item-thumb\">\n\t<img\n\t\tdata-src=\"https:\/\/i.ytimg.com\/vi\/TdsDVocEqzE\/hqdefault.jpg\"\n\t\talt=\"Lan\u00e7amento do livro &quot;Brasil-catastrofe&quot; de Thiago Canettieri\"\n\t\ttitle=\"Lan\u00e7amento do livro &quot;Brasil-catastrofe&quot; de Thiago Canettieri\"\n\t\tclass=\"jet-blog-playlist__item-thumb-img lazyload\" src=\"data:image\/svg+xml;base64,PHN2ZyB3aWR0aD0iMSIgaGVpZ2h0PSIxIiB4bWxucz0iaHR0cDovL3d3dy53My5vcmcvMjAwMC9zdmciPjwvc3ZnPg==\">\n<\/div><div class=\"jet-blog-playlist__item-content\"><div class=\"jet-blog-playlist__item-title\">\n\tLan\u00e7amento do livro \"Brasil-catastrofe\" de Thiago Canettieri<\/div><div class=\"jet-blog-playlist__item-duration\">01:29:55<\/div><\/div><\/div><div class=\"jet-blog-playlist__item\"  data-id='8ba06cc' data-video_id='W_MN0cnHFXg' data-provider='youtube' data-html='&quot;&lt;iframe width=\\&quot;100%\\&quot; height=\\&quot;450\\&quot; src=\\&quot;https:\\\/\\\/www.youtube.com\\\/embed\\\/W_MN0cnHFXg?feature=oembed&amp;enablejsapi=1\\&quot; frameborder=\\&quot;0\\&quot; allow=\\&quot;accelerometer; autoplay; clipboard-write; encrypted-media; gyroscope; picture-in-picture; web-share\\&quot; referrerpolicy=\\&quot;strict-origin-when-cross-origin\\&quot; allowfullscreen title=\\&quot;Juliano Fiori, diretor do Alameda, fala no lan\\u00e7amento do Instituto no Brasil\\&quot;&gt;&lt;\\\/iframe&gt;&quot;' data-height='450' data-video_index='5' data-video_start='0'>\n<div class=\"jet-blog-playlist__item-thumb\">\n\t<img\n\t\tdata-src=\"https:\/\/i.ytimg.com\/vi\/W_MN0cnHFXg\/hqdefault.jpg\"\n\t\talt=\"Juliano Fiori, diretor do Alameda, fala no lan\u00e7amento do Instituto no Brasil\"\n\t\ttitle=\"Juliano Fiori, diretor do Alameda, fala no lan\u00e7amento do Instituto no Brasil\"\n\t\tclass=\"jet-blog-playlist__item-thumb-img lazyload\" src=\"data:image\/svg+xml;base64,PHN2ZyB3aWR0aD0iMSIgaGVpZ2h0PSIxIiB4bWxucz0iaHR0cDovL3d3dy53My5vcmcvMjAwMC9zdmciPjwvc3ZnPg==\">\n<\/div><div class=\"jet-blog-playlist__item-content\"><div class=\"jet-blog-playlist__item-title\">\n\tJuliano Fiori, diretor do Alameda, fala no lan\u00e7amento do Instituto no Brasil<\/div><div class=\"jet-blog-playlist__item-duration\">20:55<\/div><\/div><\/div><div class=\"jet-blog-playlist__item\"  data-id='e0c9db7' data-video_id='zJXMUC1qFHs' data-provider='youtube' data-html='&quot;&lt;iframe width=\\&quot;100%\\&quot; height=\\&quot;450\\&quot; src=\\&quot;https:\\\/\\\/www.youtube.com\\\/embed\\\/zJXMUC1qFHs?feature=oembed&amp;enablejsapi=1\\&quot; frameborder=\\&quot;0\\&quot; allow=\\&quot;accelerometer; autoplay; clipboard-write; encrypted-media; gyroscope; picture-in-picture; web-share\\&quot; referrerpolicy=\\&quot;strict-origin-when-cross-origin\\&quot; allowfullscreen title=\\&quot;Gabriel Tupinamb\\u00e1 fala sobre o Arquivo de Junho\\&quot;&gt;&lt;\\\/iframe&gt;&quot;' data-height='450' data-video_index='6' data-video_start='0'>\n<div class=\"jet-blog-playlist__item-thumb\">\n\t<img\n\t\tdata-src=\"https:\/\/i.ytimg.com\/vi\/zJXMUC1qFHs\/hqdefault.jpg\"\n\t\talt=\"Gabriel Tupinamb\u00e1 fala sobre o Arquivo de Junho\"\n\t\ttitle=\"Gabriel Tupinamb\u00e1 fala sobre o Arquivo de Junho\"\n\t\tclass=\"jet-blog-playlist__item-thumb-img lazyload\" src=\"data:image\/svg+xml;base64,PHN2ZyB3aWR0aD0iMSIgaGVpZ2h0PSIxIiB4bWxucz0iaHR0cDovL3d3dy53My5vcmcvMjAwMC9zdmciPjwvc3ZnPg==\">\n<\/div><div class=\"jet-blog-playlist__item-content\"><div class=\"jet-blog-playlist__item-title\">\n\tGabriel Tupinamb\u00e1 fala sobre o Arquivo de Junho<\/div><div class=\"jet-blog-playlist__item-duration\">05:59<\/div><\/div><\/div><div class=\"jet-blog-playlist__item\"  data-id='6b27e85' data-video_id='b-BrUCBosc4' data-provider='youtube' data-html='&quot;&lt;iframe width=\\&quot;100%\\&quot; height=\\&quot;450\\&quot; src=\\&quot;https:\\\/\\\/www.youtube.com\\\/embed\\\/b-BrUCBosc4?feature=oembed&amp;enablejsapi=1\\&quot; frameborder=\\&quot;0\\&quot; allow=\\&quot;accelerometer; autoplay; clipboard-write; encrypted-media; gyroscope; picture-in-picture; web-share\\&quot; referrerpolicy=\\&quot;strict-origin-when-cross-origin\\&quot; allowfullscreen title=\\&quot;Carla Rodrigues, associada do Alameda, fala sobre Marcha das Vadias e Junho de 2013\\&quot;&gt;&lt;\\\/iframe&gt;&quot;' data-height='450' data-video_index='7' data-video_start='0'>\n<div class=\"jet-blog-playlist__item-thumb\">\n\t<img\n\t\tdata-src=\"https:\/\/i.ytimg.com\/vi\/b-BrUCBosc4\/hqdefault.jpg\"\n\t\talt=\"Carla Rodrigues, associada do Alameda, fala sobre Marcha das Vadias e junho de 2013\"\n\t\ttitle=\"Carla Rodrigues, associada do Alameda, fala sobre Marcha das Vadias e junho de 2013\"\n\t\tclass=\"jet-blog-playlist__item-thumb-img lazyload\" src=\"data:image\/svg+xml;base64,PHN2ZyB3aWR0aD0iMSIgaGVpZ2h0PSIxIiB4bWxucz0iaHR0cDovL3d3dy53My5vcmcvMjAwMC9zdmciPjwvc3ZnPg==\">\n<\/div><div class=\"jet-blog-playlist__item-content\"><div class=\"jet-blog-playlist__item-title\">\n\tCarla Rodrigues, associada do Alameda, fala sobre Marcha das Vadias e junho de 2013<\/div><div class=\"jet-blog-playlist__item-duration\">16:55<\/div><\/div><\/div><div class=\"jet-blog-playlist__item\"  data-id='88d07eb' data-video_id='T7EyUSd1FA8' data-provider='youtube' data-html='&quot;&lt;iframe width=\\&quot;100%\\&quot; height=\\&quot;450\\&quot; src=\\&quot;https:\\\/\\\/www.youtube.com\\\/embed\\\/T7EyUSd1FA8?feature=oembed&amp;enablejsapi=1\\&quot; frameborder=\\&quot;0\\&quot; allow=\\&quot;accelerometer; autoplay; clipboard-write; encrypted-media; gyroscope; picture-in-picture; web-share\\&quot; referrerpolicy=\\&quot;strict-origin-when-cross-origin\\&quot; allowfullscreen title=\\&quot;Erahsto Felicio, associado do Alameda, fala sobre povos e corpos negros\\&quot;&gt;&lt;\\\/iframe&gt;&quot;' data-height='450' data-video_index='8' data-video_start='0'>\n<div class=\"jet-blog-playlist__item-thumb\">\n\t<img\n\t\tdata-src=\"https:\/\/i.ytimg.com\/vi\/T7EyUSd1FA8\/hqdefault.jpg\"\n\t\talt=\"Erahsto Felicio, associado do Alameda, fala sobre povos e corpos negros\"\n\t\ttitle=\"Erahsto Felicio, associado do Alameda, fala sobre povos e corpos negros\"\n\t\tclass=\"jet-blog-playlist__item-thumb-img lazyload\" src=\"data:image\/svg+xml;base64,PHN2ZyB3aWR0aD0iMSIgaGVpZ2h0PSIxIiB4bWxucz0iaHR0cDovL3d3dy53My5vcmcvMjAwMC9zdmciPjwvc3ZnPg==\">\n<\/div><div class=\"jet-blog-playlist__item-content\"><div class=\"jet-blog-playlist__item-title\">\n\tErahsto Felicio, associado do Alameda, fala sobre povos e corpos negros<\/div><div class=\"jet-blog-playlist__item-duration\">10:44<\/div><\/div><\/div><div class=\"jet-blog-playlist__item\"  data-id='5ec7c37' data-video_id='YNj69XPJ4Ws' data-provider='youtube' data-html='&quot;&lt;iframe width=\\&quot;100%\\&quot; height=\\&quot;450\\&quot; src=\\&quot;https:\\\/\\\/www.youtube.com\\\/embed\\\/YNj69XPJ4Ws?feature=oembed&amp;enablejsapi=1\\&quot; frameborder=\\&quot;0\\&quot; allow=\\&quot;accelerometer; autoplay; clipboard-write; encrypted-media; gyroscope; picture-in-picture; web-share\\&quot; referrerpolicy=\\&quot;strict-origin-when-cross-origin\\&quot; allowfullscreen title=\\&quot;Vanessa Oliveira fala sobre manifesta\\u00e7\\u00f5es internacionais relacionadas a Junho de 2013\\&quot;&gt;&lt;\\\/iframe&gt;&quot;' data-height='450' data-video_index='9' data-video_start='0'>\n<div class=\"jet-blog-playlist__item-thumb\">\n\t<img\n\t\tdata-src=\"https:\/\/i.ytimg.com\/vi\/YNj69XPJ4Ws\/hqdefault.jpg\"\n\t\talt=\"Vanessa Oliveira fala sobre manifesta\u00e7\u00f5es internacionais relacionadas a junho de 2013\"\n\t\ttitle=\"Vanessa Oliveira fala sobre manifesta\u00e7\u00f5es internacionais relacionadas a junho de 2013\"\n\t\tclass=\"jet-blog-playlist__item-thumb-img lazyload\" src=\"data:image\/svg+xml;base64,PHN2ZyB3aWR0aD0iMSIgaGVpZ2h0PSIxIiB4bWxucz0iaHR0cDovL3d3dy53My5vcmcvMjAwMC9zdmciPjwvc3ZnPg==\">\n<\/div><div class=\"jet-blog-playlist__item-content\"><div class=\"jet-blog-playlist__item-title\">\n\tVanessa Oliveira fala sobre manifesta\u00e7\u00f5es internacionais relacionadas a junho de 2013<\/div><div class=\"jet-blog-playlist__item-duration\">12:48<\/div><\/div><\/div><div class=\"jet-blog-playlist__item\"  data-id='e500a37' data-video_id='ib0prUIjRNY' data-provider='youtube' data-html='&quot;&lt;iframe width=\\&quot;100%\\&quot; height=\\&quot;450\\&quot; src=\\&quot;https:\\\/\\\/www.youtube.com\\\/embed\\\/ib0prUIjRNY?feature=oembed&amp;enablejsapi=1\\&quot; frameborder=\\&quot;0\\&quot; allow=\\&quot;accelerometer; autoplay; clipboard-write; encrypted-media; gyroscope; picture-in-picture; web-share\\&quot; referrerpolicy=\\&quot;strict-origin-when-cross-origin\\&quot; allowfullscreen title=\\&quot;Sabrina Fernandes, sobre pesquisa ativista e as perspectivas do Alameda a nivel global\\&quot;&gt;&lt;\\\/iframe&gt;&quot;' data-height='450' data-video_index='10' data-video_start='0'>\n<div class=\"jet-blog-playlist__item-thumb\">\n\t<img\n\t\tdata-src=\"https:\/\/i.ytimg.com\/vi\/ib0prUIjRNY\/hqdefault.jpg\"\n\t\talt=\"Sabrina Fernandes, sobre pesquisa ativista e as perspectivas do Alameda a n\u00edvel global\"\n\t\ttitle=\"Sabrina Fernandes, sobre pesquisa ativista e as perspectivas do Alameda a n\u00edvel global\"\n\t\tclass=\"jet-blog-playlist__item-thumb-img lazyload\" src=\"data:image\/svg+xml;base64,PHN2ZyB3aWR0aD0iMSIgaGVpZ2h0PSIxIiB4bWxucz0iaHR0cDovL3d3dy53My5vcmcvMjAwMC9zdmciPjwvc3ZnPg==\">\n<\/div><div class=\"jet-blog-playlist__item-content\"><div class=\"jet-blog-playlist__item-title\">\n\tSabrina Fernandes, sobre pesquisa ativista e as perspectivas do Alameda a n\u00edvel global<\/div><div class=\"jet-blog-playlist__item-duration\">08:20<\/div><\/div><\/div><\/div>\n\t\t<\/div>\n\t<\/div>\n<\/div><\/div>\t\t\t\t<\/div>\n\t\t\t\t<\/div>\n\t\t\t\t\t<\/div>\n\t\t\t\t<\/div>\n\t\t<div class=\"elementor-element elementor-element-608ea27 e-flex e-con-boxed e-con e-parent\" data-id=\"608ea27\" data-element_type=\"container\" data-e-type=\"container\" data-settings=\"{&quot;jet_parallax_layout_list&quot;:[]}\">\n\t\t\t\t\t<div class=\"e-con-inner\">\n\t\t<div class=\"elementor-element elementor-element-181b470 e-con-full e-flex e-con e-child\" data-id=\"181b470\" data-element_type=\"container\" data-e-type=\"container\" data-settings=\"{&quot;jet_parallax_layout_list&quot;:[]}\">\n\t\t\t\t<div class=\"elementor-element elementor-element-99d31dd elementor-widget elementor-widget-jet-headline\" data-id=\"99d31dd\" data-element_type=\"widget\" data-e-type=\"widget\" data-widget_type=\"jet-headline.default\">\n\t\t\t\t<div class=\"elementor-widget-container\">\n\t\t\t\t\t<h2 class=\"jet-headline jet-headline--direction-vertical\"><span class=\"jet-headline__part jet-headline__first\"><span class=\"jet-headline__label\">NEWSLETTERS<\/span><\/span><span class=\"jet-headline__part jet-headline__second\"><span class=\"jet-headline__label\">______<\/span><\/span><\/h2>\t\t\t\t<\/div>\n\t\t\t\t<\/div>\n\t\t\t\t<div class=\"elementor-element elementor-element-0662b68 elementor-widget elementor-widget-text-editor\" data-id=\"0662b68\" data-element_type=\"widget\" data-e-type=\"widget\" data-widget_type=\"text-editor.default\">\n\t\t\t\t<div class=\"elementor-widget-container\">\n\t\t\t\t\t\t\t\t\t<p>Enviamos um boletim informativo com discuss\u00f5es importantes e atualiza\u00e7\u00f5es sobre o trabalho da Alameda.<\/p><p>Para se inscrever, preencha o formul\u00e1rio na parte inferior desta p\u00e1gina.<\/p>\t\t\t\t\t\t\t\t<\/div>\n\t\t\t\t<\/div>\n\t\t\t\t<\/div>\n\t\t<div class=\"elementor-element elementor-element-2c4d7f6 e-con-full e-flex e-con e-child\" data-id=\"2c4d7f6\" data-element_type=\"container\" data-e-type=\"container\" data-settings=\"{&quot;jet_parallax_layout_list&quot;:[]}\">\n\t\t\t\t<div class=\"elementor-element elementor-element-0d49a34 elementor-widget elementor-widget-heading\" data-id=\"0d49a34\" data-element_type=\"widget\" data-e-type=\"widget\" data-widget_type=\"heading.default\">\n\t\t\t\t<div class=\"elementor-widget-container\">\n\t\t\t\t\t<h5 class=\"elementor-heading-title elementor-size-default\">\u00daltimas newsletters<\/h5>\t\t\t\t<\/div>\n\t\t\t\t<\/div>\n\t\t\t\t<div class=\"elementor-element elementor-element-f88690b elementor-icon-list--layout-traditional elementor-list-item-link-full_width elementor-widget elementor-widget-icon-list\" data-id=\"f88690b\" data-element_type=\"widget\" data-e-type=\"widget\" data-widget_type=\"icon-list.default\">\n\t\t\t\t<div class=\"elementor-widget-container\">\n\t\t\t\t\t\t\t<ul class=\"elementor-icon-list-items\">\n\t\t\t\t\t\t\t<li class=\"elementor-icon-list-item\">\n\t\t\t\t\t\t\t\t\t\t\t<a href=\"https:\/\/mailchi.mp\/3cabdda45e15\/welcome-to-alameda\">\n\n\t\t\t\t\t\t\t\t\t\t\t<span class=\"elementor-icon-list-text\">#1: Lan\u00e7amento em Londres \/ Publica\u00e7\u00e3o \/ Dossi\u00ea Ucr\u00e2nia<\/span>\n\t\t\t\t\t\t\t\t\t\t\t<\/a>\n\t\t\t\t\t\t\t\t\t<\/li>\n\t\t\t\t\t\t\t\t<li class=\"elementor-icon-list-item\">\n\t\t\t\t\t\t\t\t\t\t\t<a href=\"https:\/\/mailchi.mp\/alameda\/brazil-launch-and-new-dossier\">\n\n\t\t\t\t\t\t\t\t\t\t\t<span class=\"elementor-icon-list-text\">#2: Lan\u00e7amento no Brasil \/ Estrat\u00e9gia social \/ Dossi\u00ea de junho de 2013<\/span>\n\t\t\t\t\t\t\t\t\t\t\t<\/a>\n\t\t\t\t\t\t\t\t\t<\/li>\n\t\t\t\t\t\t\t\t<li class=\"elementor-icon-list-item\">\n\t\t\t\t\t\t\t\t\t\t\t<a href=\"https:\/\/us10.campaign-archive.com\/?u=b9f602e23c22c179598df839b&#038;id=00e3d27adf\">\n\n\t\t\t\t\t\t\t\t\t\t\t<span class=\"elementor-icon-list-text\">#3: Sobre a Transi\u00e7\u00e3o \/ Pesquisa<\/span>\n\t\t\t\t\t\t\t\t\t\t\t<\/a>\n\t\t\t\t\t\t\t\t\t<\/li>\n\t\t\t\t\t\t\t\t<li class=\"elementor-icon-list-item\">\n\t\t\t\t\t\t\t\t\t\t\t<a href=\"https:\/\/us10.campaign-archive.com\/?u=b9f602e23c22c179598df839b&#038;id=165a6a40e1\">\n\n\t\t\t\t\t\t\t\t\t\t\t<span class=\"elementor-icon-list-text\">#4: A crise terminal do humanitarismo<\/span>\n\t\t\t\t\t\t\t\t\t\t\t<\/a>\n\t\t\t\t\t\t\t\t\t<\/li>\n\t\t\t\t\t\t<\/ul>\n\t\t\t\t\t\t<\/div>\n\t\t\t\t<\/div>\n\t\t\t\t<\/div>\n\t\t\t\t\t<\/div>\n\t\t\t\t<\/div>\n\t\t\t\t<\/div>","protected":false},"excerpt":{"rendered":"<p>LATEST PUBLICATIONS_________________ The publications promoted by Alameda consist of materials organised by the institute to be published in different formats, channels and media outlets. dossiers______ As part of our objective of publishing strategic material on current issues, our dossiers include articles curated by different researchers in our network, which provide broad analyses focused on the [&hellip;]<\/p>\n","protected":false},"author":1,"featured_media":0,"parent":480,"menu_order":0,"comment_status":"closed","ping_status":"closed","template":"elementor_header_footer","meta":{"footnotes":""},"class_list":["post-2502","page","type-page","status-publish","hentry"],"_links":{"self":[{"href":"https:\/\/alameda.institute\/pt\/wp-json\/wp\/v2\/pages\/2502","targetHints":{"allow":["GET"]}}],"collection":[{"href":"https:\/\/alameda.institute\/pt\/wp-json\/wp\/v2\/pages"}],"about":[{"href":"https:\/\/alameda.institute\/pt\/wp-json\/wp\/v2\/types\/page"}],"author":[{"embeddable":true,"href":"https:\/\/alameda.institute\/pt\/wp-json\/wp\/v2\/users\/1"}],"replies":[{"embeddable":true,"href":"https:\/\/alameda.institute\/pt\/wp-json\/wp\/v2\/comments?post=2502"}],"version-history":[{"count":123,"href":"https:\/\/alameda.institute\/pt\/wp-json\/wp\/v2\/pages\/2502\/revisions"}],"predecessor-version":[{"id":6308,"href":"https:\/\/alameda.institute\/pt\/wp-json\/wp\/v2\/pages\/2502\/revisions\/6308"}],"up":[{"embeddable":true,"href":"https:\/\/alameda.institute\/pt\/wp-json\/wp\/v2\/pages\/480"}],"wp:attachment":[{"href":"https:\/\/alameda.institute\/pt\/wp-json\/wp\/v2\/media?parent=2502"}],"curies":[{"name":"wp","href":"https:\/\/api.w.org\/{rel}","templated":true}]}}